{"id":1119,"date":"2017-05-24T19:03:58","date_gmt":"2017-05-24T19:03:58","guid":{"rendered":"http:\/\/www.segeljahre.de\/?post_type=portfolio&#038;p=1119"},"modified":"2019-03-29T14:54:11","modified_gmt":"2019-03-29T13:54:11","slug":"1119","status":"publish","type":"portfolio","link":"https:\/\/www.segeljahre.de\/?portfolio=1119","title":{"rendered":"Lissabon \u2013 Doca da Alcantara &#8211; 2016 \/ 2017 \/ 2018"},"content":{"rendered":"\n<style type=\"text\/css\" data-created_by=\"avia_inline_auto\" id=\"style-css-av-av_heading-eafc6c046933d104824d1a28fb68ee1c\">\n#top .av-special-heading.av-av_heading-eafc6c046933d104824d1a28fb68ee1c{\npadding-bottom:10px;\n}\nbody .av-special-heading.av-av_heading-eafc6c046933d104824d1a28fb68ee1c .av-special-heading-tag .heading-char{\nfont-size:25px;\n}\n.av-special-heading.av-av_heading-eafc6c046933d104824d1a28fb68ee1c .av-subheading{\nfont-size:15px;\n}\n<\/style>\n<div  class='av-special-heading av-av_heading-eafc6c046933d104824d1a28fb68ee1c av-special-heading-h3  avia-builder-el-0  el_before_av_textblock  avia-builder-el-first '><h3 class='av-special-heading-tag '  itemprop=\"headline\"  >Lissabon \u2013 Doca da Alcantara &#8211; 2016 \/ 2017 \/ 2018<\/h3><div class=\"special-heading-border\"><div class=\"special-heading-inner-border\"><\/div><\/div><\/div>\n<section  class='av_textblock_section av-12t22n-be922d5e982f2ce136e971c4d1b0e6a2 '   itemscope=\"itemscope\" itemtype=\"https:\/\/schema.org\/CreativeWork\" ><div class='avia_textblock'  itemprop=\"text\" ><p>Entgegen dem Handbuch muss ich sagen, die Br\u00fccke des 25 April h\u00f6rt man auch hier immer noch, egal von wo der Wind weht. Die Preise sind im Winter so teuer wie in Cascais. Der Hafen liegt aber obwohl er am n\u00e4chsten an Lissabon liegt immer noch weit weg vom Schuss. Um in die Innenstadt zu kommen ben\u00f6tigt man 20 min strammen Fu\u00dfmarsch oder 3 EUR f\u00fcr die Stra\u00dfenbahn. Der Hafen war schon recht voll. Die Duschen eher nicht so dolle, das Internet ging trotz Richtantenne nicht am Steg.<\/p>\n<p>Wenn es irgend geht fahr&#8216; ich da nicht mehr hin.<\/p>\n<\/div><\/section>\n\n<style type=\"text\/css\" data-created_by=\"avia_inline_auto\" id=\"style-css-av-av_heading-462655e0de817d59c54e704f2ea22aca\">\n#top .av-special-heading.av-av_heading-462655e0de817d59c54e704f2ea22aca{\npadding-bottom:10px;\n}\nbody .av-special-heading.av-av_heading-462655e0de817d59c54e704f2ea22aca .av-special-heading-tag .heading-char{\nfont-size:25px;\n}\n.av-special-heading.av-av_heading-462655e0de817d59c54e704f2ea22aca .av-subheading{\nfont-size:15px;\n}\n<\/style>\n<div  class='av-special-heading av-av_heading-462655e0de817d59c54e704f2ea22aca av-special-heading-h3  avia-builder-el-2  el_after_av_textblock  el_before_av_blog '><h3 class='av-special-heading-tag '  itemprop=\"headline\"  >Verlinkte Posts<\/h3><div class=\"special-heading-border\"><div class=\"special-heading-inner-border\"><\/div><\/div><\/div>\n<div  class='av-alb-blogposts template-blog  '  itemscope=\"itemscope\" itemtype=\"https:\/\/schema.org\/Blog\" ><article class=\"post-entry post-entry-type-standard post-entry-1713 post-loop-1 post-parity-odd single-small with-slider post-1713 post type-post status-publish format-standard has-post-thumbnail hentry category-38 category-39 category-amora category-lissabon category-portugal category-seixal category-sesimbra category-spanien\"  itemscope=\"itemscope\" itemtype=\"https:\/\/schema.org\/BlogPosting\" ><div class=\"blog-meta\"><a href='https:\/\/www.segeljahre.de\/?p=1713' class='small-preview'  title=\"Evora - die Sonne geht auf - Weltkulturerbe\"   itemprop=\"image\" itemscope=\"itemscope\" itemtype=\"https:\/\/schema.org\/ImageObject\" ><img decoding=\"async\" loading=\"lazy\" width=\"180\" height=\"180\" src=\"https:\/\/www.segeljahre.de\/wp-content\/uploads\/2018\/05\/DSC08270-180x180.jpg\" class=\"wp-image-1750 avia-img-lazy-loading-1750 attachment-square size-square wp-post-image\" alt=\"Evora - die Sonne geht auf - Weltkulturerbe\" srcset=\"https:\/\/www.segeljahre.de\/wp-content\/uploads\/2018\/05\/DSC08270-180x180.jpg 180w, https:\/\/www.segeljahre.de\/wp-content\/uploads\/2018\/05\/DSC08270-80x80.jpg 80w, https:\/\/www.segeljahre.de\/wp-content\/uploads\/2018\/05\/DSC08270-36x36.jpg 36w, https:\/\/www.segeljahre.de\/wp-content\/uploads\/2018\/05\/DSC08270-120x120.jpg 120w, https:\/\/www.segeljahre.de\/wp-content\/uploads\/2018\/05\/DSC08270-450x450.jpg 450w\" sizes=\"auto, (max-width: 180px) 100vw, 180px\" \/><span class='iconfont avia-svg-icon avia-font-svg_entypo-fontello' data-av_svg_icon='pencil' data-av_iconset='svg_entypo-fontello' ><svg version=\"1.1\" xmlns=\"http:\/\/www.w3.org\/2000\/svg\" width=\"25\" height=\"32\" viewBox=\"0 0 25 32\" preserveAspectRatio=\"xMidYMid meet\" role=\"graphics-symbol\" aria-hidden=\"true\">\n<path d=\"M22.976 5.44q1.024 1.024 1.504 2.048t0.48 1.536v0.512l-8.064 8.064-9.28 9.216-7.616 1.664 1.6-7.68 9.28-9.216 8.064-8.064q1.728-0.384 4.032 1.92zM7.168 25.92l0.768-0.768q-0.064-1.408-1.664-3.008-0.704-0.704-1.44-1.12t-1.12-0.416l-0.448-0.064-0.704 0.768-0.576 2.56q0.896 0.512 1.472 1.088 0.768 0.768 1.152 1.536z\"><\/path>\n<\/svg><\/span><\/a><\/div><div class='entry-content-wrapper clearfix standard-content'><header class=\"entry-content-header\" aria-label=\"Post: Endlich &#8211; Auf in den Norden\"><h2 class='post-title entry-title '  itemprop=\"headline\" ><a href=\"https:\/\/www.segeljahre.de\/?p=1713\" rel=\"bookmark\" title=\"Permanenter Link zu: Endlich &#8211; Auf in den Norden\">Endlich &#8211; Auf in den Norden<span class=\"post-format-icon minor-meta\"><\/span><\/a><\/h2><span class=\"post-meta-infos\"><time class=\"date-container minor-meta updated\"  itemprop=\"datePublished\" datetime=\"2018-05-08T18:07:26+02:00\" >8. Mai 2018<\/time><span class=\"text-sep\">\/<\/span><span class=\"blog-categories minor-meta\">in <a href=\"https:\/\/www.segeljahre.de\/?cat=38\" rel=\"tag\">2017<\/a>, <a href=\"https:\/\/www.segeljahre.de\/?cat=39\" rel=\"tag\">2018<\/a>, <a href=\"https:\/\/www.segeljahre.de\/?cat=86\" rel=\"tag\">Amora<\/a>, <a href=\"https:\/\/www.segeljahre.de\/?cat=77\" rel=\"tag\">Lissabon<\/a>, <a href=\"https:\/\/www.segeljahre.de\/?cat=7\" rel=\"tag\">Portugal<\/a>, <a href=\"https:\/\/www.segeljahre.de\/?cat=85\" rel=\"tag\">Seixal<\/a>, <a href=\"https:\/\/www.segeljahre.de\/?cat=78\" rel=\"tag\">Sesimbra<\/a>, <a href=\"https:\/\/www.segeljahre.de\/?cat=6\" rel=\"tag\">Spanien<\/a><\/span><span class=\"text-sep\">\/<\/span><span class=\"blog-author minor-meta\">von <span class=\"entry-author-link\"  itemprop=\"author\" ><span class=\"author\"><span class=\"fn\"><a href=\"https:\/\/www.segeljahre.de\/?author=4\" title=\"Beitr\u00e4ge von Raz\" rel=\"author\">Raz<\/a><\/span><\/span><\/span><\/span><\/span><\/header><div class=\"entry-content\"  itemprop=\"text\" >Auf in den Norden Spaniens. Die Liste der ToDos wird in den ersten Januartagen auch nur wenig k\u00fcrzer. Der ganze Kleinkram geht ja schnell, aber es stehen noch ein paar gr\u00f6\u00dfere Sachen an, vieles muss ich mir auch erst aus Deutschland mitbringen . . .<div class=\"read-more-link\"><a href=\"https:\/\/www.segeljahre.de\/?p=1713\" class=\"more-link\">Weiterlesen<span class='more-link-arrow avia-svg-icon avia-font-svg_entypo-fontello' data-av_svg_icon='right-open-big' data-av_iconset='svg_entypo-fontello'><svg version=\"1.1\" xmlns=\"http:\/\/www.w3.org\/2000\/svg\" width=\"15\" height=\"32\" viewBox=\"0 0 15 32\" preserveAspectRatio=\"xMidYMid meet\" role=\"graphics-symbol\" aria-hidden=\"true\">\n<path d=\"M0.416 27.84l11.456-11.84-11.456-11.904q-0.832-0.832 0-1.536 0.832-0.832 1.536 0l12.544 12.608q0.768 0.832 0 1.6l-12.544 12.608q-0.704 0.832-1.536 0-0.832-0.704 0-1.536z\"><\/path>\n<\/svg><\/span><\/a><\/div><\/div><footer class=\"entry-footer\"><\/footer><div class='post_delimiter'><\/div><\/div><div class=\"post_author_timeline\"><\/div><span class='hidden'>\n\t\t\t\t<span class='av-structured-data'  itemprop=\"image\" itemscope=\"itemscope\" itemtype=\"https:\/\/schema.org\/ImageObject\" >\n\t\t\t\t\t\t<span itemprop='url'>https:\/\/www.segeljahre.de\/wp-content\/uploads\/2018\/05\/DSC08270.jpg<\/span>\n\t\t\t\t\t\t<span itemprop='height'>1920<\/span>\n\t\t\t\t\t\t<span itemprop='width'>1024<\/span>\n\t\t\t\t<\/span>\n\t\t\t\t<span class='av-structured-data'  itemprop=\"publisher\" itemtype=\"https:\/\/schema.org\/Organization\" itemscope=\"itemscope\" >\n\t\t\t\t\t\t<span itemprop='name'>Raz<\/span>\n\t\t\t\t\t\t<span itemprop='logo' itemscope itemtype='https:\/\/schema.org\/ImageObject'>\n\t\t\t\t\t\t\t<span itemprop='url'>https:\/\/www.segeljahre.de\/wp-content\/uploads\/2016\/05\/nOa-logo-web-300x100.png<\/span>\n\t\t\t\t\t\t<\/span>\n\t\t\t\t<\/span><span class='av-structured-data'  itemprop=\"author\" itemscope=\"itemscope\" itemtype=\"https:\/\/schema.org\/Person\" ><span itemprop='name'>Raz<\/span><\/span><span class='av-structured-data'  itemprop=\"datePublished\" datetime=\"2018-05-08T18:07:26+02:00\" >2018-05-08 18:07:26<\/span><span class='av-structured-data'  itemprop=\"dateModified\" itemtype=\"https:\/\/schema.org\/dateModified\" >2019-03-27 15:04:55<\/span><span class='av-structured-data'  itemprop=\"mainEntityOfPage\" itemtype=\"https:\/\/schema.org\/mainEntityOfPage\" ><span itemprop='name'>Endlich &#8211; Auf in den Norden<\/span><\/span><\/span><\/article><article class=\"post-entry post-entry-type-standard post-entry-1606 post-loop-2 post-parity-even single-small with-slider post-1606 post type-post status-publish format-standard has-post-thumbnail hentry category-39 category-amora category-lissabon category-noa category-portugal category-seixal\"  itemscope=\"itemscope\" itemtype=\"https:\/\/schema.org\/BlogPosting\" ><div class=\"blog-meta\"><a href='https:\/\/www.segeljahre.de\/?p=1606' class='small-preview'  title=\"Lissabon - Silvester in der Altstadt - Praca de Commercio\"   itemprop=\"image\" itemscope=\"itemscope\" itemtype=\"https:\/\/schema.org\/ImageObject\" ><img decoding=\"async\" loading=\"lazy\" width=\"180\" height=\"180\" src=\"https:\/\/www.segeljahre.de\/wp-content\/uploads\/2018\/01\/DSC06945-180x180.jpg\" class=\"wp-image-1625 avia-img-lazy-loading-1625 attachment-square size-square wp-post-image\" alt=\"Lissabon - Silvester in der Altstadt - Praca de Commercio\" srcset=\"https:\/\/www.segeljahre.de\/wp-content\/uploads\/2018\/01\/DSC06945-180x180.jpg 180w, https:\/\/www.segeljahre.de\/wp-content\/uploads\/2018\/01\/DSC06945-80x80.jpg 80w, https:\/\/www.segeljahre.de\/wp-content\/uploads\/2018\/01\/DSC06945-36x36.jpg 36w, https:\/\/www.segeljahre.de\/wp-content\/uploads\/2018\/01\/DSC06945-120x120.jpg 120w, https:\/\/www.segeljahre.de\/wp-content\/uploads\/2018\/01\/DSC06945-450x450.jpg 450w\" sizes=\"auto, (max-width: 180px) 100vw, 180px\" \/><span class='iconfont avia-svg-icon avia-font-svg_entypo-fontello' data-av_svg_icon='pencil' data-av_iconset='svg_entypo-fontello' ><svg version=\"1.1\" xmlns=\"http:\/\/www.w3.org\/2000\/svg\" width=\"25\" height=\"32\" viewBox=\"0 0 25 32\" preserveAspectRatio=\"xMidYMid meet\" role=\"graphics-symbol\" aria-hidden=\"true\">\n<path d=\"M22.976 5.44q1.024 1.024 1.504 2.048t0.48 1.536v0.512l-8.064 8.064-9.28 9.216-7.616 1.664 1.6-7.68 9.28-9.216 8.064-8.064q1.728-0.384 4.032 1.92zM7.168 25.92l0.768-0.768q-0.064-1.408-1.664-3.008-0.704-0.704-1.44-1.12t-1.12-0.416l-0.448-0.064-0.704 0.768-0.576 2.56q0.896 0.512 1.472 1.088 0.768 0.768 1.152 1.536z\"><\/path>\n<\/svg><\/span><\/a><\/div><div class='entry-content-wrapper clearfix standard-content'><header class=\"entry-content-header\" aria-label=\"Post: Lissabon im Winter\"><h2 class='post-title entry-title '  itemprop=\"headline\" ><a href=\"https:\/\/www.segeljahre.de\/?p=1606\" rel=\"bookmark\" title=\"Permanenter Link zu: Lissabon im Winter\">Lissabon im Winter<span class=\"post-format-icon minor-meta\"><\/span><\/a><\/h2><span class=\"post-meta-infos\"><time class=\"date-container minor-meta updated\"  itemprop=\"datePublished\" datetime=\"2018-01-23T16:06:13+01:00\" >23. Januar 2018<\/time><span class=\"text-sep\">\/<\/span><span class=\"blog-categories minor-meta\">in <a href=\"https:\/\/www.segeljahre.de\/?cat=39\" rel=\"tag\">2018<\/a>, <a href=\"https:\/\/www.segeljahre.de\/?cat=86\" rel=\"tag\">Amora<\/a>, <a href=\"https:\/\/www.segeljahre.de\/?cat=77\" rel=\"tag\">Lissabon<\/a>, <a href=\"https:\/\/www.segeljahre.de\/?cat=4\" rel=\"tag\">nOa<\/a>, <a href=\"https:\/\/www.segeljahre.de\/?cat=7\" rel=\"tag\">Portugal<\/a>, <a href=\"https:\/\/www.segeljahre.de\/?cat=85\" rel=\"tag\">Seixal<\/a><\/span><span class=\"text-sep\">\/<\/span><span class=\"blog-author minor-meta\">von <span class=\"entry-author-link\"  itemprop=\"author\" ><span class=\"author\"><span class=\"fn\"><a href=\"https:\/\/www.segeljahre.de\/?author=4\" title=\"Beitr\u00e4ge von Raz\" rel=\"author\">Raz<\/a><\/span><\/span><\/span><\/span><\/span><\/header><div class=\"entry-content\"  itemprop=\"text\" ><p>Zuerst will ich mir ja wieder ein wenig eine richtige Stadt anschauen. Lissabon ist da schon eine Reise wert und jetzt wo nicht mehr ganz so viele Touristen in der Stadt sind ist es auch wieder um L\u00e4ngen angenehmer als im Sommer . . . <\/p>\n<div class=\"read-more-link\"><a href=\"https:\/\/www.segeljahre.de\/?p=1606\" class=\"more-link\">Weiterlesen<span class='more-link-arrow avia-svg-icon avia-font-svg_entypo-fontello' data-av_svg_icon='right-open-big' data-av_iconset='svg_entypo-fontello'><svg version=\"1.1\" xmlns=\"http:\/\/www.w3.org\/2000\/svg\" width=\"15\" height=\"32\" viewBox=\"0 0 15 32\" preserveAspectRatio=\"xMidYMid meet\" role=\"graphics-symbol\" aria-hidden=\"true\">\n<path d=\"M0.416 27.84l11.456-11.84-11.456-11.904q-0.832-0.832 0-1.536 0.832-0.832 1.536 0l12.544 12.608q0.768 0.832 0 1.6l-12.544 12.608q-0.704 0.832-1.536 0-0.832-0.704 0-1.536z\"><\/path>\n<\/svg><\/span><\/a><\/div>\n<\/div><footer class=\"entry-footer\"><\/footer><div class='post_delimiter'><\/div><\/div><div class=\"post_author_timeline\"><\/div><span class='hidden'>\n\t\t\t\t<span class='av-structured-data'  itemprop=\"image\" itemscope=\"itemscope\" itemtype=\"https:\/\/schema.org\/ImageObject\" >\n\t\t\t\t\t\t<span itemprop='url'>https:\/\/www.segeljahre.de\/wp-content\/uploads\/2018\/01\/DSC06945.jpg<\/span>\n\t\t\t\t\t\t<span itemprop='height'>1080<\/span>\n\t\t\t\t\t\t<span itemprop='width'>1920<\/span>\n\t\t\t\t<\/span>\n\t\t\t\t<span class='av-structured-data'  itemprop=\"publisher\" itemtype=\"https:\/\/schema.org\/Organization\" itemscope=\"itemscope\" >\n\t\t\t\t\t\t<span itemprop='name'>Raz<\/span>\n\t\t\t\t\t\t<span itemprop='logo' itemscope itemtype='https:\/\/schema.org\/ImageObject'>\n\t\t\t\t\t\t\t<span itemprop='url'>https:\/\/www.segeljahre.de\/wp-content\/uploads\/2016\/05\/nOa-logo-web-300x100.png<\/span>\n\t\t\t\t\t\t<\/span>\n\t\t\t\t<\/span><span class='av-structured-data'  itemprop=\"author\" itemscope=\"itemscope\" itemtype=\"https:\/\/schema.org\/Person\" ><span itemprop='name'>Raz<\/span><\/span><span class='av-structured-data'  itemprop=\"datePublished\" datetime=\"2018-01-23T16:06:13+01:00\" >2018-01-23 16:06:13<\/span><span class='av-structured-data'  itemprop=\"dateModified\" itemtype=\"https:\/\/schema.org\/dateModified\" >2019-03-27 15:03:55<\/span><span class='av-structured-data'  itemprop=\"mainEntityOfPage\" itemtype=\"https:\/\/schema.org\/mainEntityOfPage\" ><span itemprop='name'>Lissabon im Winter<\/span><\/span><\/span><\/article><article class=\"post-entry post-entry-type-standard post-entry-1435 post-loop-3 post-parity-odd single-small with-slider post-1435 post type-post status-publish format-standard has-post-thumbnail hentry category-38 category-algeciras category-barbate category-cadiz category-chipiona category-england category-gibraltar category-huelva category-la-linea category-lissabon category-mazagon category-noa category-portugal category-punta-umbria category-rota category-seixal category-sesimbra category-spanien category-vila-real-de-santo-antonio\"  itemscope=\"itemscope\" itemtype=\"https:\/\/schema.org\/BlogPosting\" ><div class=\"blog-meta\"><a href='https:\/\/www.segeljahre.de\/?p=1435' class='small-preview'  title=\"Street Art\"   itemprop=\"image\" itemscope=\"itemscope\" itemtype=\"https:\/\/schema.org\/ImageObject\" ><img decoding=\"async\" loading=\"lazy\" width=\"180\" height=\"180\" src=\"https:\/\/www.segeljahre.de\/wp-content\/uploads\/2017\/11\/DSC05567-180x180.jpg\" class=\"wp-image-1505 avia-img-lazy-loading-1505 attachment-square size-square wp-post-image\" alt=\"\" srcset=\"https:\/\/www.segeljahre.de\/wp-content\/uploads\/2017\/11\/DSC05567-180x180.jpg 180w, https:\/\/www.segeljahre.de\/wp-content\/uploads\/2017\/11\/DSC05567-80x80.jpg 80w, https:\/\/www.segeljahre.de\/wp-content\/uploads\/2017\/11\/DSC05567-36x36.jpg 36w, https:\/\/www.segeljahre.de\/wp-content\/uploads\/2017\/11\/DSC05567-120x120.jpg 120w, https:\/\/www.segeljahre.de\/wp-content\/uploads\/2017\/11\/DSC05567-450x450.jpg 450w\" sizes=\"auto, (max-width: 180px) 100vw, 180px\" \/><span class='iconfont avia-svg-icon avia-font-svg_entypo-fontello' data-av_svg_icon='pencil' data-av_iconset='svg_entypo-fontello' ><svg version=\"1.1\" xmlns=\"http:\/\/www.w3.org\/2000\/svg\" width=\"25\" height=\"32\" viewBox=\"0 0 25 32\" preserveAspectRatio=\"xMidYMid meet\" role=\"graphics-symbol\" aria-hidden=\"true\">\n<path d=\"M22.976 5.44q1.024 1.024 1.504 2.048t0.48 1.536v0.512l-8.064 8.064-9.28 9.216-7.616 1.664 1.6-7.68 9.28-9.216 8.064-8.064q1.728-0.384 4.032 1.92zM7.168 25.92l0.768-0.768q-0.064-1.408-1.664-3.008-0.704-0.704-1.44-1.12t-1.12-0.416l-0.448-0.064-0.704 0.768-0.576 2.56q0.896 0.512 1.472 1.088 0.768 0.768 1.152 1.536z\"><\/path>\n<\/svg><\/span><\/a><\/div><div class='entry-content-wrapper clearfix standard-content'><header class=\"entry-content-header\" aria-label=\"Post: Zur\u00fcck nach Spanien &#8211; Winterlager in Portugal\"><h2 class='post-title entry-title '  itemprop=\"headline\" ><a href=\"https:\/\/www.segeljahre.de\/?p=1435\" rel=\"bookmark\" title=\"Permanenter Link zu: Zur\u00fcck nach Spanien &#8211; Winterlager in Portugal\">Zur\u00fcck nach Spanien &#8211; Winterlager in Portugal<span class=\"post-format-icon minor-meta\"><\/span><\/a><\/h2><span class=\"post-meta-infos\"><time class=\"date-container minor-meta updated\"  itemprop=\"datePublished\" datetime=\"2017-11-15T17:36:36+01:00\" >15. November 2017<\/time><span class=\"text-sep\">\/<\/span><span class=\"blog-categories minor-meta\">in <a href=\"https:\/\/www.segeljahre.de\/?cat=38\" rel=\"tag\">2017<\/a>, <a href=\"https:\/\/www.segeljahre.de\/?cat=71\" rel=\"tag\">Algeciras<\/a>, <a href=\"https:\/\/www.segeljahre.de\/?cat=65\" rel=\"tag\">Barbate<\/a>, <a href=\"https:\/\/www.segeljahre.de\/?cat=84\" rel=\"tag\">Cadiz<\/a>, <a href=\"https:\/\/www.segeljahre.de\/?cat=70\" rel=\"tag\">Chipiona<\/a>, <a href=\"https:\/\/www.segeljahre.de\/?cat=8\" rel=\"tag\">England<\/a>, <a href=\"https:\/\/www.segeljahre.de\/?cat=73\" rel=\"tag\">Gibraltar<\/a>, <a href=\"https:\/\/www.segeljahre.de\/?cat=68\" rel=\"tag\">Huelva<\/a>, <a href=\"https:\/\/www.segeljahre.de\/?cat=72\" rel=\"tag\">La Linea<\/a>, <a href=\"https:\/\/www.segeljahre.de\/?cat=77\" rel=\"tag\">Lissabon<\/a>, <a href=\"https:\/\/www.segeljahre.de\/?cat=69\" rel=\"tag\">Mazagon<\/a>, <a href=\"https:\/\/www.segeljahre.de\/?cat=4\" rel=\"tag\">nOa<\/a>, <a href=\"https:\/\/www.segeljahre.de\/?cat=7\" rel=\"tag\">Portugal<\/a>, <a href=\"https:\/\/www.segeljahre.de\/?cat=67\" rel=\"tag\">Punta Umbria<\/a>, <a href=\"https:\/\/www.segeljahre.de\/?cat=95\" rel=\"tag\">Rota<\/a>, <a href=\"https:\/\/www.segeljahre.de\/?cat=85\" rel=\"tag\">Seixal<\/a>, <a href=\"https:\/\/www.segeljahre.de\/?cat=78\" rel=\"tag\">Sesimbra<\/a>, <a href=\"https:\/\/www.segeljahre.de\/?cat=6\" rel=\"tag\">Spanien<\/a>, <a href=\"https:\/\/www.segeljahre.de\/?cat=66\" rel=\"tag\">Vila Real de Santo Antonio<\/a><\/span><span class=\"text-sep\">\/<\/span><span class=\"blog-author minor-meta\">von <span class=\"entry-author-link\"  itemprop=\"author\" ><span class=\"author\"><span class=\"fn\"><a href=\"https:\/\/www.segeljahre.de\/?author=4\" title=\"Beitr\u00e4ge von Raz\" rel=\"author\">Raz<\/a><\/span><\/span><\/span><\/span><\/span><\/header><div class=\"entry-content\"  itemprop=\"text\" ><p>In La Linea angekommen bekomme ich ja erst mal einen Schrecken . . .<\/p>\n<div class=\"read-more-link\"><a href=\"https:\/\/www.segeljahre.de\/?p=1435\" class=\"more-link\">Weiterlesen<span class='more-link-arrow avia-svg-icon avia-font-svg_entypo-fontello' data-av_svg_icon='right-open-big' data-av_iconset='svg_entypo-fontello'><svg version=\"1.1\" xmlns=\"http:\/\/www.w3.org\/2000\/svg\" width=\"15\" height=\"32\" viewBox=\"0 0 15 32\" preserveAspectRatio=\"xMidYMid meet\" role=\"graphics-symbol\" aria-hidden=\"true\">\n<path d=\"M0.416 27.84l11.456-11.84-11.456-11.904q-0.832-0.832 0-1.536 0.832-0.832 1.536 0l12.544 12.608q0.768 0.832 0 1.6l-12.544 12.608q-0.704 0.832-1.536 0-0.832-0.704 0-1.536z\"><\/path>\n<\/svg><\/span><\/a><\/div>\n<\/div><footer class=\"entry-footer\"><\/footer><div class='post_delimiter'><\/div><\/div><div class=\"post_author_timeline\"><\/div><span class='hidden'>\n\t\t\t\t<span class='av-structured-data'  itemprop=\"image\" itemscope=\"itemscope\" itemtype=\"https:\/\/schema.org\/ImageObject\" >\n\t\t\t\t\t\t<span itemprop='url'>https:\/\/www.segeljahre.de\/wp-content\/uploads\/2017\/11\/DSC05567.jpg<\/span>\n\t\t\t\t\t\t<span itemprop='height'>1080<\/span>\n\t\t\t\t\t\t<span itemprop='width'>1920<\/span>\n\t\t\t\t<\/span>\n\t\t\t\t<span class='av-structured-data'  itemprop=\"publisher\" itemtype=\"https:\/\/schema.org\/Organization\" itemscope=\"itemscope\" >\n\t\t\t\t\t\t<span itemprop='name'>Raz<\/span>\n\t\t\t\t\t\t<span itemprop='logo' itemscope itemtype='https:\/\/schema.org\/ImageObject'>\n\t\t\t\t\t\t\t<span itemprop='url'>https:\/\/www.segeljahre.de\/wp-content\/uploads\/2016\/05\/nOa-logo-web-300x100.png<\/span>\n\t\t\t\t\t\t<\/span>\n\t\t\t\t<\/span><span class='av-structured-data'  itemprop=\"author\" itemscope=\"itemscope\" itemtype=\"https:\/\/schema.org\/Person\" ><span itemprop='name'>Raz<\/span><\/span><span class='av-structured-data'  itemprop=\"datePublished\" datetime=\"2017-11-15T17:36:36+01:00\" >2017-11-15 17:36:36<\/span><span class='av-structured-data'  itemprop=\"dateModified\" itemtype=\"https:\/\/schema.org\/dateModified\" >2019-03-27 15:02:31<\/span><span class='av-structured-data'  itemprop=\"mainEntityOfPage\" itemtype=\"https:\/\/schema.org\/mainEntityOfPage\" ><span itemprop='name'>Zur\u00fcck nach Spanien &#8211; Winterlager in Portugal<\/span><\/span><\/span><\/article><article class=\"post-entry post-entry-type-standard post-entry-1328 post-loop-4 post-parity-even single-small with-slider post-1328 post type-post status-publish format-standard has-post-thumbnail hentry category-38 category-amora category-lissabon category-noa category-portugal category-seixal\"  itemscope=\"itemscope\" itemtype=\"https:\/\/schema.org\/BlogPosting\" ><div class=\"blog-meta\"><a href='https:\/\/www.segeljahre.de\/?p=1328' class='small-preview'  title=\"Mastfuss verbogen\"   itemprop=\"image\" itemscope=\"itemscope\" itemtype=\"https:\/\/schema.org\/ImageObject\" ><img decoding=\"async\" loading=\"lazy\" width=\"180\" height=\"180\" src=\"https:\/\/www.segeljahre.de\/wp-content\/uploads\/2017\/08\/DSC04539-180x180.jpg\" class=\"wp-image-1337 avia-img-lazy-loading-1337 attachment-square size-square wp-post-image\" alt=\"Mastfuss verbogen\" srcset=\"https:\/\/www.segeljahre.de\/wp-content\/uploads\/2017\/08\/DSC04539-180x180.jpg 180w, https:\/\/www.segeljahre.de\/wp-content\/uploads\/2017\/08\/DSC04539-80x80.jpg 80w, https:\/\/www.segeljahre.de\/wp-content\/uploads\/2017\/08\/DSC04539-36x36.jpg 36w, https:\/\/www.segeljahre.de\/wp-content\/uploads\/2017\/08\/DSC04539-120x120.jpg 120w, https:\/\/www.segeljahre.de\/wp-content\/uploads\/2017\/08\/DSC04539-450x450.jpg 450w\" sizes=\"auto, (max-width: 180px) 100vw, 180px\" \/><span class='iconfont avia-svg-icon avia-font-svg_entypo-fontello' data-av_svg_icon='pencil' data-av_iconset='svg_entypo-fontello' ><svg version=\"1.1\" xmlns=\"http:\/\/www.w3.org\/2000\/svg\" width=\"25\" height=\"32\" viewBox=\"0 0 25 32\" preserveAspectRatio=\"xMidYMid meet\" role=\"graphics-symbol\" aria-hidden=\"true\">\n<path d=\"M22.976 5.44q1.024 1.024 1.504 2.048t0.48 1.536v0.512l-8.064 8.064-9.28 9.216-7.616 1.664 1.6-7.68 9.28-9.216 8.064-8.064q1.728-0.384 4.032 1.92zM7.168 25.92l0.768-0.768q-0.064-1.408-1.664-3.008-0.704-0.704-1.44-1.12t-1.12-0.416l-0.448-0.064-0.704 0.768-0.576 2.56q0.896 0.512 1.472 1.088 0.768 0.768 1.152 1.536z\"><\/path>\n<\/svg><\/span><\/a><\/div><div class='entry-content-wrapper clearfix standard-content'><header class=\"entry-content-header\" aria-label=\"Post: Get stucked . . . Lisbon again\"><h2 class='post-title entry-title '  itemprop=\"headline\" ><a href=\"https:\/\/www.segeljahre.de\/?p=1328\" rel=\"bookmark\" title=\"Permanenter Link zu: Get stucked . . . Lisbon again\">Get stucked . . . Lisbon again<span class=\"post-format-icon minor-meta\"><\/span><\/a><\/h2><span class=\"post-meta-infos\"><time class=\"date-container minor-meta updated\"  itemprop=\"datePublished\" datetime=\"2017-08-17T19:07:31+02:00\" >17. August 2017<\/time><span class=\"text-sep\">\/<\/span><span class=\"blog-categories minor-meta\">in <a href=\"https:\/\/www.segeljahre.de\/?cat=38\" rel=\"tag\">2017<\/a>, <a href=\"https:\/\/www.segeljahre.de\/?cat=86\" rel=\"tag\">Amora<\/a>, <a href=\"https:\/\/www.segeljahre.de\/?cat=77\" rel=\"tag\">Lissabon<\/a>, <a href=\"https:\/\/www.segeljahre.de\/?cat=4\" rel=\"tag\">nOa<\/a>, <a href=\"https:\/\/www.segeljahre.de\/?cat=7\" rel=\"tag\">Portugal<\/a>, <a href=\"https:\/\/www.segeljahre.de\/?cat=85\" rel=\"tag\">Seixal<\/a><\/span><span class=\"text-sep\">\/<\/span><span class=\"blog-author minor-meta\">von <span class=\"entry-author-link\"  itemprop=\"author\" ><span class=\"author\"><span class=\"fn\"><a href=\"https:\/\/www.segeljahre.de\/?author=4\" title=\"Beitr\u00e4ge von Raz\" rel=\"author\">Raz<\/a><\/span><\/span><\/span><\/span><\/span><\/header><div class=\"entry-content\"  itemprop=\"text\" ><p>Es ist ja wirklich grausam, ich komme einfach nicht los von dieser Stadt . . . scheint es . . . <\/p>\n<div class=\"read-more-link\"><a href=\"https:\/\/www.segeljahre.de\/?p=1328\" class=\"more-link\">Weiterlesen<span class='more-link-arrow avia-svg-icon avia-font-svg_entypo-fontello' data-av_svg_icon='right-open-big' data-av_iconset='svg_entypo-fontello'><svg version=\"1.1\" xmlns=\"http:\/\/www.w3.org\/2000\/svg\" width=\"15\" height=\"32\" viewBox=\"0 0 15 32\" preserveAspectRatio=\"xMidYMid meet\" role=\"graphics-symbol\" aria-hidden=\"true\">\n<path d=\"M0.416 27.84l11.456-11.84-11.456-11.904q-0.832-0.832 0-1.536 0.832-0.832 1.536 0l12.544 12.608q0.768 0.832 0 1.6l-12.544 12.608q-0.704 0.832-1.536 0-0.832-0.704 0-1.536z\"><\/path>\n<\/svg><\/span><\/a><\/div>\n<\/div><footer class=\"entry-footer\"><\/footer><div class='post_delimiter'><\/div><\/div><div class=\"post_author_timeline\"><\/div><span class='hidden'>\n\t\t\t\t<span class='av-structured-data'  itemprop=\"image\" itemscope=\"itemscope\" itemtype=\"https:\/\/schema.org\/ImageObject\" >\n\t\t\t\t\t\t<span itemprop='url'>https:\/\/www.segeljahre.de\/wp-content\/uploads\/2017\/08\/DSC04539.jpg<\/span>\n\t\t\t\t\t\t<span itemprop='height'>1920<\/span>\n\t\t\t\t\t\t<span itemprop='width'>1080<\/span>\n\t\t\t\t<\/span>\n\t\t\t\t<span class='av-structured-data'  itemprop=\"publisher\" itemtype=\"https:\/\/schema.org\/Organization\" itemscope=\"itemscope\" >\n\t\t\t\t\t\t<span itemprop='name'>Raz<\/span>\n\t\t\t\t\t\t<span itemprop='logo' itemscope itemtype='https:\/\/schema.org\/ImageObject'>\n\t\t\t\t\t\t\t<span itemprop='url'>https:\/\/www.segeljahre.de\/wp-content\/uploads\/2016\/05\/nOa-logo-web-300x100.png<\/span>\n\t\t\t\t\t\t<\/span>\n\t\t\t\t<\/span><span class='av-structured-data'  itemprop=\"author\" itemscope=\"itemscope\" itemtype=\"https:\/\/schema.org\/Person\" ><span itemprop='name'>Raz<\/span><\/span><span class='av-structured-data'  itemprop=\"datePublished\" datetime=\"2017-08-17T19:07:31+02:00\" >2017-08-17 19:07:31<\/span><span class='av-structured-data'  itemprop=\"dateModified\" itemtype=\"https:\/\/schema.org\/dateModified\" >2019-03-27 14:58:33<\/span><span class='av-structured-data'  itemprop=\"mainEntityOfPage\" itemtype=\"https:\/\/schema.org\/mainEntityOfPage\" ><span itemprop='name'>Get stucked . . . Lisbon again<\/span><\/span><\/span><\/article><article class=\"post-entry post-entry-type-standard post-entry-1250 post-loop-5 post-parity-odd single-small with-slider post-1250 post type-post status-publish format-standard has-post-thumbnail hentry category-38 category-amora category-cadiz category-lissabon category-noa category-portugal category-seixal\"  itemscope=\"itemscope\" itemtype=\"https:\/\/schema.org\/BlogPosting\" ><div class=\"blog-meta\"><a href='https:\/\/www.segeljahre.de\/?p=1250' class='small-preview'  title=\"Lissabon \u2013 Endlich geht es weiter.\"   itemprop=\"image\" itemscope=\"itemscope\" itemtype=\"https:\/\/schema.org\/ImageObject\" ><img decoding=\"async\" loading=\"lazy\" width=\"180\" height=\"180\" src=\"https:\/\/www.segeljahre.de\/wp-content\/uploads\/2017\/07\/DSC04453-180x180.jpg\" class=\"wp-image-1305 avia-img-lazy-loading-1305 attachment-square size-square wp-post-image\" alt=\"\" srcset=\"https:\/\/www.segeljahre.de\/wp-content\/uploads\/2017\/07\/DSC04453-180x180.jpg 180w, https:\/\/www.segeljahre.de\/wp-content\/uploads\/2017\/07\/DSC04453-80x80.jpg 80w, https:\/\/www.segeljahre.de\/wp-content\/uploads\/2017\/07\/DSC04453-36x36.jpg 36w, https:\/\/www.segeljahre.de\/wp-content\/uploads\/2017\/07\/DSC04453-120x120.jpg 120w, https:\/\/www.segeljahre.de\/wp-content\/uploads\/2017\/07\/DSC04453-450x450.jpg 450w\" sizes=\"auto, (max-width: 180px) 100vw, 180px\" \/><span class='iconfont avia-svg-icon avia-font-svg_entypo-fontello' data-av_svg_icon='pencil' data-av_iconset='svg_entypo-fontello' ><svg version=\"1.1\" xmlns=\"http:\/\/www.w3.org\/2000\/svg\" width=\"25\" height=\"32\" viewBox=\"0 0 25 32\" preserveAspectRatio=\"xMidYMid meet\" role=\"graphics-symbol\" aria-hidden=\"true\">\n<path d=\"M22.976 5.44q1.024 1.024 1.504 2.048t0.48 1.536v0.512l-8.064 8.064-9.28 9.216-7.616 1.664 1.6-7.68 9.28-9.216 8.064-8.064q1.728-0.384 4.032 1.92zM7.168 25.92l0.768-0.768q-0.064-1.408-1.664-3.008-0.704-0.704-1.44-1.12t-1.12-0.416l-0.448-0.064-0.704 0.768-0.576 2.56q0.896 0.512 1.472 1.088 0.768 0.768 1.152 1.536z\"><\/path>\n<\/svg><\/span><\/a><\/div><div class='entry-content-wrapper clearfix standard-content'><header class=\"entry-content-header\" aria-label=\"Post: Lissabon \u2013 Endlich geht es weiter.\"><h2 class='post-title entry-title '  itemprop=\"headline\" ><a href=\"https:\/\/www.segeljahre.de\/?p=1250\" rel=\"bookmark\" title=\"Permanenter Link zu: Lissabon \u2013 Endlich geht es weiter.\">Lissabon \u2013 Endlich geht es weiter.<span class=\"post-format-icon minor-meta\"><\/span><\/a><\/h2><span class=\"post-meta-infos\"><time class=\"date-container minor-meta updated\"  itemprop=\"datePublished\" datetime=\"2017-07-18T08:48:08+02:00\" >18. Juli 2017<\/time><span class=\"text-sep\">\/<\/span><span class=\"blog-categories minor-meta\">in <a href=\"https:\/\/www.segeljahre.de\/?cat=38\" rel=\"tag\">2017<\/a>, <a href=\"https:\/\/www.segeljahre.de\/?cat=86\" rel=\"tag\">Amora<\/a>, <a href=\"https:\/\/www.segeljahre.de\/?cat=84\" rel=\"tag\">Cadiz<\/a>, <a href=\"https:\/\/www.segeljahre.de\/?cat=77\" rel=\"tag\">Lissabon<\/a>, <a href=\"https:\/\/www.segeljahre.de\/?cat=4\" rel=\"tag\">nOa<\/a>, <a href=\"https:\/\/www.segeljahre.de\/?cat=7\" rel=\"tag\">Portugal<\/a>, <a href=\"https:\/\/www.segeljahre.de\/?cat=85\" rel=\"tag\">Seixal<\/a><\/span><span class=\"text-sep\">\/<\/span><span class=\"blog-author minor-meta\">von <span class=\"entry-author-link\"  itemprop=\"author\" ><span class=\"author\"><span class=\"fn\"><a href=\"https:\/\/www.segeljahre.de\/?author=4\" title=\"Beitr\u00e4ge von Raz\" rel=\"author\">Raz<\/a><\/span><\/span><\/span><\/span><\/span><\/header><div class=\"entry-content\"  itemprop=\"text\" ><p>Lange habe ich wirklich nichts mehr geschrieben, ich wurde ja auch schon zurechtgestutzt, dass hier keine Neuigkeiten mehr zu lesen sind . . . ich wollte aber auch nicht zu jeder Schraube die ich irgendwo austausche . . . <\/p>\n<div class=\"read-more-link\"><a href=\"https:\/\/www.segeljahre.de\/?p=1250\" class=\"more-link\">Weiterlesen<span class='more-link-arrow avia-svg-icon avia-font-svg_entypo-fontello' data-av_svg_icon='right-open-big' data-av_iconset='svg_entypo-fontello'><svg version=\"1.1\" xmlns=\"http:\/\/www.w3.org\/2000\/svg\" width=\"15\" height=\"32\" viewBox=\"0 0 15 32\" preserveAspectRatio=\"xMidYMid meet\" role=\"graphics-symbol\" aria-hidden=\"true\">\n<path d=\"M0.416 27.84l11.456-11.84-11.456-11.904q-0.832-0.832 0-1.536 0.832-0.832 1.536 0l12.544 12.608q0.768 0.832 0 1.6l-12.544 12.608q-0.704 0.832-1.536 0-0.832-0.704 0-1.536z\"><\/path>\n<\/svg><\/span><\/a><\/div>\n<\/div><footer class=\"entry-footer\"><\/footer><div class='post_delimiter'><\/div><\/div><div class=\"post_author_timeline\"><\/div><span class='hidden'>\n\t\t\t\t<span class='av-structured-data'  itemprop=\"image\" itemscope=\"itemscope\" itemtype=\"https:\/\/schema.org\/ImageObject\" >\n\t\t\t\t\t\t<span itemprop='url'>https:\/\/www.segeljahre.de\/wp-content\/uploads\/2017\/07\/DSC04453.jpg<\/span>\n\t\t\t\t\t\t<span itemprop='height'>1920<\/span>\n\t\t\t\t\t\t<span itemprop='width'>1280<\/span>\n\t\t\t\t<\/span>\n\t\t\t\t<span class='av-structured-data'  itemprop=\"publisher\" itemtype=\"https:\/\/schema.org\/Organization\" itemscope=\"itemscope\" >\n\t\t\t\t\t\t<span itemprop='name'>Raz<\/span>\n\t\t\t\t\t\t<span itemprop='logo' itemscope itemtype='https:\/\/schema.org\/ImageObject'>\n\t\t\t\t\t\t\t<span itemprop='url'>https:\/\/www.segeljahre.de\/wp-content\/uploads\/2016\/05\/nOa-logo-web-300x100.png<\/span>\n\t\t\t\t\t\t<\/span>\n\t\t\t\t<\/span><span class='av-structured-data'  itemprop=\"author\" itemscope=\"itemscope\" itemtype=\"https:\/\/schema.org\/Person\" ><span itemprop='name'>Raz<\/span><\/span><span class='av-structured-data'  itemprop=\"datePublished\" datetime=\"2017-07-18T08:48:08+02:00\" >2017-07-18 08:48:08<\/span><span class='av-structured-data'  itemprop=\"dateModified\" itemtype=\"https:\/\/schema.org\/dateModified\" >2019-03-27 14:57:00<\/span><span class='av-structured-data'  itemprop=\"mainEntityOfPage\" itemtype=\"https:\/\/schema.org\/mainEntityOfPage\" ><span itemprop='name'>Lissabon \u2013 Endlich geht es weiter.<\/span><\/span><\/span><\/article><article class=\"post-entry post-entry-type-standard post-entry-1008 post-loop-6 post-parity-even single-small with-slider post-1008 post type-post status-publish format-standard has-post-thumbnail hentry category-14 category-cascais category-lissabon category-noa category-portugal category-seixal category-sesimbra\"  itemscope=\"itemscope\" itemtype=\"https:\/\/schema.org\/BlogPosting\" ><div class=\"blog-meta\"><a href='https:\/\/www.segeljahre.de\/?p=1008' class='small-preview'  title=\"Feuerwerk am Rio Tejo\"   itemprop=\"image\" itemscope=\"itemscope\" itemtype=\"https:\/\/schema.org\/ImageObject\" ><img decoding=\"async\" loading=\"lazy\" width=\"180\" height=\"180\" src=\"https:\/\/www.segeljahre.de\/wp-content\/uploads\/2017\/01\/IMG_20170101_000927-180x180.jpg\" class=\"wp-image-1049 avia-img-lazy-loading-1049 attachment-square size-square wp-post-image\" alt=\"Feuerwerk am Rio Tejo\" srcset=\"https:\/\/www.segeljahre.de\/wp-content\/uploads\/2017\/01\/IMG_20170101_000927-180x180.jpg 180w, https:\/\/www.segeljahre.de\/wp-content\/uploads\/2017\/01\/IMG_20170101_000927-80x80.jpg 80w, https:\/\/www.segeljahre.de\/wp-content\/uploads\/2017\/01\/IMG_20170101_000927-36x36.jpg 36w, https:\/\/www.segeljahre.de\/wp-content\/uploads\/2017\/01\/IMG_20170101_000927-120x120.jpg 120w, https:\/\/www.segeljahre.de\/wp-content\/uploads\/2017\/01\/IMG_20170101_000927-450x450.jpg 450w\" sizes=\"auto, (max-width: 180px) 100vw, 180px\" \/><span class='iconfont avia-svg-icon avia-font-svg_entypo-fontello' data-av_svg_icon='pencil' data-av_iconset='svg_entypo-fontello' ><svg version=\"1.1\" xmlns=\"http:\/\/www.w3.org\/2000\/svg\" width=\"25\" height=\"32\" viewBox=\"0 0 25 32\" preserveAspectRatio=\"xMidYMid meet\" role=\"graphics-symbol\" aria-hidden=\"true\">\n<path d=\"M22.976 5.44q1.024 1.024 1.504 2.048t0.48 1.536v0.512l-8.064 8.064-9.28 9.216-7.616 1.664 1.6-7.68 9.28-9.216 8.064-8.064q1.728-0.384 4.032 1.92zM7.168 25.92l0.768-0.768q-0.064-1.408-1.664-3.008-0.704-0.704-1.44-1.12t-1.12-0.416l-0.448-0.064-0.704 0.768-0.576 2.56q0.896 0.512 1.472 1.088 0.768 0.768 1.152 1.536z\"><\/path>\n<\/svg><\/span><\/a><\/div><div class='entry-content-wrapper clearfix standard-content'><header class=\"entry-content-header\" aria-label=\"Post: Lissabon und drumherum . . . und Aua\"><h2 class='post-title entry-title '  itemprop=\"headline\" ><a href=\"https:\/\/www.segeljahre.de\/?p=1008\" rel=\"bookmark\" title=\"Permanenter Link zu: Lissabon und drumherum . . . und Aua\">Lissabon und drumherum . . . und Aua<span class=\"post-format-icon minor-meta\"><\/span><\/a><\/h2><span class=\"post-meta-infos\"><time class=\"date-container minor-meta updated\"  itemprop=\"datePublished\" datetime=\"2017-01-03T19:24:59+01:00\" >3. Januar 2017<\/time><span class=\"text-sep\">\/<\/span><span class=\"blog-categories minor-meta\">in <a href=\"https:\/\/www.segeljahre.de\/?cat=14\" rel=\"tag\">2016<\/a>, <a href=\"https:\/\/www.segeljahre.de\/?cat=123\" rel=\"tag\">Cascais<\/a>, <a href=\"https:\/\/www.segeljahre.de\/?cat=77\" rel=\"tag\">Lissabon<\/a>, <a href=\"https:\/\/www.segeljahre.de\/?cat=4\" rel=\"tag\">nOa<\/a>, <a href=\"https:\/\/www.segeljahre.de\/?cat=7\" rel=\"tag\">Portugal<\/a>, <a href=\"https:\/\/www.segeljahre.de\/?cat=85\" rel=\"tag\">Seixal<\/a>, <a href=\"https:\/\/www.segeljahre.de\/?cat=78\" rel=\"tag\">Sesimbra<\/a><\/span><span class=\"text-sep\">\/<\/span><span class=\"blog-author minor-meta\">von <span class=\"entry-author-link\"  itemprop=\"author\" ><span class=\"author\"><span class=\"fn\"><a href=\"https:\/\/www.segeljahre.de\/?author=4\" title=\"Beitr\u00e4ge von Raz\" rel=\"author\">Raz<\/a><\/span><\/span><\/span><\/span><\/span><\/header><div class=\"entry-content\"  itemprop=\"text\" ><p>Die M\u00e4dels an der Rezeption in Cascais gaben mir den Tipp doch mal in Sesimbra anzuhalten wenn ich doch sowieso nach Setubal wolle. Es sei quasi auf dem Weg, viel viel sch\u00f6ner und weiterfahren k\u00f6nne ich ja dann immer noch . . . <\/p>\n<div class=\"read-more-link\"><a href=\"https:\/\/www.segeljahre.de\/?p=1008\" class=\"more-link\">Weiterlesen<span class='more-link-arrow avia-svg-icon avia-font-svg_entypo-fontello' data-av_svg_icon='right-open-big' data-av_iconset='svg_entypo-fontello'><svg version=\"1.1\" xmlns=\"http:\/\/www.w3.org\/2000\/svg\" width=\"15\" height=\"32\" viewBox=\"0 0 15 32\" preserveAspectRatio=\"xMidYMid meet\" role=\"graphics-symbol\" aria-hidden=\"true\">\n<path d=\"M0.416 27.84l11.456-11.84-11.456-11.904q-0.832-0.832 0-1.536 0.832-0.832 1.536 0l12.544 12.608q0.768 0.832 0 1.6l-12.544 12.608q-0.704 0.832-1.536 0-0.832-0.704 0-1.536z\"><\/path>\n<\/svg><\/span><\/a><\/div>\n<\/div><footer class=\"entry-footer\"><\/footer><div class='post_delimiter'><\/div><\/div><div class=\"post_author_timeline\"><\/div><span class='hidden'>\n\t\t\t\t<span class='av-structured-data'  itemprop=\"image\" itemscope=\"itemscope\" itemtype=\"https:\/\/schema.org\/ImageObject\" >\n\t\t\t\t\t\t<span itemprop='url'>https:\/\/www.segeljahre.de\/wp-content\/uploads\/2017\/01\/IMG_20170101_000927.jpg<\/span>\n\t\t\t\t\t\t<span itemprop='height'>1080<\/span>\n\t\t\t\t\t\t<span itemprop='width'>1920<\/span>\n\t\t\t\t<\/span>\n\t\t\t\t<span class='av-structured-data'  itemprop=\"publisher\" itemtype=\"https:\/\/schema.org\/Organization\" itemscope=\"itemscope\" >\n\t\t\t\t\t\t<span itemprop='name'>Raz<\/span>\n\t\t\t\t\t\t<span itemprop='logo' itemscope itemtype='https:\/\/schema.org\/ImageObject'>\n\t\t\t\t\t\t\t<span itemprop='url'>https:\/\/www.segeljahre.de\/wp-content\/uploads\/2016\/05\/nOa-logo-web-300x100.png<\/span>\n\t\t\t\t\t\t<\/span>\n\t\t\t\t<\/span><span class='av-structured-data'  itemprop=\"author\" itemscope=\"itemscope\" itemtype=\"https:\/\/schema.org\/Person\" ><span itemprop='name'>Raz<\/span><\/span><span class='av-structured-data'  itemprop=\"datePublished\" datetime=\"2017-01-03T19:24:59+01:00\" >2017-01-03 19:24:59<\/span><span class='av-structured-data'  itemprop=\"dateModified\" itemtype=\"https:\/\/schema.org\/dateModified\" >2019-04-21 13:02:16<\/span><span class='av-structured-data'  itemprop=\"mainEntityOfPage\" itemtype=\"https:\/\/schema.org\/mainEntityOfPage\" ><span itemprop='name'>Lissabon und drumherum . . . und Aua<\/span><\/span><\/span><\/article><article class=\"post-entry post-entry-type-standard post-entry-504 post-loop-7 post-parity-odd single-small with-slider post-504 post type-post status-publish format-standard has-post-thumbnail hentry category-14 category-a-coruna category-cascais category-lissabon category-noa category-porto-leixoes category-portugal category-seixal category-sesimbra category-spanien\"  itemscope=\"itemscope\" itemtype=\"https:\/\/schema.org\/BlogPosting\" ><div class=\"blog-meta\"><a href='https:\/\/www.segeljahre.de\/?p=504' class='small-preview'  title=\"Cascais in der Nacht\"   itemprop=\"image\" itemscope=\"itemscope\" itemtype=\"https:\/\/schema.org\/ImageObject\" ><img decoding=\"async\" loading=\"lazy\" width=\"180\" height=\"180\" src=\"https:\/\/www.segeljahre.de\/wp-content\/uploads\/2016\/10\/DSC02748-180x180.jpg\" class=\"wp-image-585 avia-img-lazy-loading-585 attachment-square size-square wp-post-image\" alt=\"Cascais in der Nacht\" srcset=\"https:\/\/www.segeljahre.de\/wp-content\/uploads\/2016\/10\/DSC02748-180x180.jpg 180w, https:\/\/www.segeljahre.de\/wp-content\/uploads\/2016\/10\/DSC02748-80x80.jpg 80w, https:\/\/www.segeljahre.de\/wp-content\/uploads\/2016\/10\/DSC02748-36x36.jpg 36w, https:\/\/www.segeljahre.de\/wp-content\/uploads\/2016\/10\/DSC02748-120x120.jpg 120w, https:\/\/www.segeljahre.de\/wp-content\/uploads\/2016\/10\/DSC02748-450x450.jpg 450w\" sizes=\"auto, (max-width: 180px) 100vw, 180px\" \/><span class='iconfont avia-svg-icon avia-font-svg_entypo-fontello' data-av_svg_icon='pencil' data-av_iconset='svg_entypo-fontello' ><svg version=\"1.1\" xmlns=\"http:\/\/www.w3.org\/2000\/svg\" width=\"25\" height=\"32\" viewBox=\"0 0 25 32\" preserveAspectRatio=\"xMidYMid meet\" role=\"graphics-symbol\" aria-hidden=\"true\">\n<path d=\"M22.976 5.44q1.024 1.024 1.504 2.048t0.48 1.536v0.512l-8.064 8.064-9.28 9.216-7.616 1.664 1.6-7.68 9.28-9.216 8.064-8.064q1.728-0.384 4.032 1.92zM7.168 25.92l0.768-0.768q-0.064-1.408-1.664-3.008-0.704-0.704-1.44-1.12t-1.12-0.416l-0.448-0.064-0.704 0.768-0.576 2.56q0.896 0.512 1.472 1.088 0.768 0.768 1.152 1.536z\"><\/path>\n<\/svg><\/span><\/a><\/div><div class='entry-content-wrapper clearfix standard-content'><header class=\"entry-content-header\" aria-label=\"Post: La Coruna nach Lissabon\"><h2 class='post-title entry-title '  itemprop=\"headline\" ><a href=\"https:\/\/www.segeljahre.de\/?p=504\" rel=\"bookmark\" title=\"Permanenter Link zu: La Coruna nach Lissabon\">La Coruna nach Lissabon<span class=\"post-format-icon minor-meta\"><\/span><\/a><\/h2><span class=\"post-meta-infos\"><time class=\"date-container minor-meta updated\"  itemprop=\"datePublished\" datetime=\"2016-10-17T14:20:03+02:00\" >17. Oktober 2016<\/time><span class=\"text-sep\">\/<\/span><span class=\"blog-categories minor-meta\">in <a href=\"https:\/\/www.segeljahre.de\/?cat=14\" rel=\"tag\">2016<\/a>, <a href=\"https:\/\/www.segeljahre.de\/?cat=93\" rel=\"tag\">A Coruna<\/a>, <a href=\"https:\/\/www.segeljahre.de\/?cat=123\" rel=\"tag\">Cascais<\/a>, <a href=\"https:\/\/www.segeljahre.de\/?cat=77\" rel=\"tag\">Lissabon<\/a>, <a href=\"https:\/\/www.segeljahre.de\/?cat=4\" rel=\"tag\">nOa<\/a>, <a href=\"https:\/\/www.segeljahre.de\/?cat=75\" rel=\"tag\">Porto \u2013 Leixoes<\/a>, <a href=\"https:\/\/www.segeljahre.de\/?cat=7\" rel=\"tag\">Portugal<\/a>, <a href=\"https:\/\/www.segeljahre.de\/?cat=85\" rel=\"tag\">Seixal<\/a>, <a href=\"https:\/\/www.segeljahre.de\/?cat=78\" rel=\"tag\">Sesimbra<\/a>, <a href=\"https:\/\/www.segeljahre.de\/?cat=6\" rel=\"tag\">Spanien<\/a><\/span><span class=\"text-sep\">\/<\/span><span class=\"blog-author minor-meta\">von <span class=\"entry-author-link\"  itemprop=\"author\" ><span class=\"author\"><span class=\"fn\"><a href=\"https:\/\/www.segeljahre.de\/?author=4\" title=\"Beitr\u00e4ge von Raz\" rel=\"author\">Raz<\/a><\/span><\/span><\/span><\/span><\/span><\/header><div class=\"entry-content\"  itemprop=\"text\" ><p>So, der Wind steht wieder g\u00fcnstig ein paar Tage, wenn&#8217;s gut l\u00e4uft komme ich in einem bis Cascais durch. Nun hei\u00dft es Abschied nehmen von den noch verbliebenen: Dagmar und Dietmar . . . <\/p>\n<div class=\"read-more-link\"><a href=\"https:\/\/www.segeljahre.de\/?p=504\" class=\"more-link\">Weiterlesen<span class='more-link-arrow avia-svg-icon avia-font-svg_entypo-fontello' data-av_svg_icon='right-open-big' data-av_iconset='svg_entypo-fontello'><svg version=\"1.1\" xmlns=\"http:\/\/www.w3.org\/2000\/svg\" width=\"15\" height=\"32\" viewBox=\"0 0 15 32\" preserveAspectRatio=\"xMidYMid meet\" role=\"graphics-symbol\" aria-hidden=\"true\">\n<path d=\"M0.416 27.84l11.456-11.84-11.456-11.904q-0.832-0.832 0-1.536 0.832-0.832 1.536 0l12.544 12.608q0.768 0.832 0 1.6l-12.544 12.608q-0.704 0.832-1.536 0-0.832-0.704 0-1.536z\"><\/path>\n<\/svg><\/span><\/a><\/div>\n<\/div><footer class=\"entry-footer\"><\/footer><div class='post_delimiter'><\/div><\/div><div class=\"post_author_timeline\"><\/div><span class='hidden'>\n\t\t\t\t<span class='av-structured-data'  itemprop=\"image\" itemscope=\"itemscope\" itemtype=\"https:\/\/schema.org\/ImageObject\" >\n\t\t\t\t\t\t<span itemprop='url'>https:\/\/www.segeljahre.de\/wp-content\/uploads\/2016\/10\/DSC02748.jpg<\/span>\n\t\t\t\t\t\t<span itemprop='height'>1920<\/span>\n\t\t\t\t\t\t<span itemprop='width'>1080<\/span>\n\t\t\t\t<\/span>\n\t\t\t\t<span class='av-structured-data'  itemprop=\"publisher\" itemtype=\"https:\/\/schema.org\/Organization\" itemscope=\"itemscope\" >\n\t\t\t\t\t\t<span itemprop='name'>Raz<\/span>\n\t\t\t\t\t\t<span itemprop='logo' itemscope itemtype='https:\/\/schema.org\/ImageObject'>\n\t\t\t\t\t\t\t<span itemprop='url'>https:\/\/www.segeljahre.de\/wp-content\/uploads\/2016\/05\/nOa-logo-web-300x100.png<\/span>\n\t\t\t\t\t\t<\/span>\n\t\t\t\t<\/span><span class='av-structured-data'  itemprop=\"author\" itemscope=\"itemscope\" itemtype=\"https:\/\/schema.org\/Person\" ><span itemprop='name'>Raz<\/span><\/span><span class='av-structured-data'  itemprop=\"datePublished\" datetime=\"2016-10-17T14:20:03+02:00\" >2016-10-17 14:20:03<\/span><span class='av-structured-data'  itemprop=\"dateModified\" itemtype=\"https:\/\/schema.org\/dateModified\" >2019-03-27 15:22:58<\/span><span class='av-structured-data'  itemprop=\"mainEntityOfPage\" itemtype=\"https:\/\/schema.org\/mainEntityOfPage\" ><span itemprop='name'>La Coruna nach Lissabon<\/span><\/span><\/span><\/article><article class=\"post-entry post-entry-type-standard post-entry-445 post-loop-8 post-parity-even single-small with-slider post-445 post type-post status-publish format-standard has-post-thumbnail hentry category-14 category-a-coruna category-lissabon category-lorient category-noa category-spanien category-viveiro\"  itemscope=\"itemscope\" itemtype=\"https:\/\/schema.org\/BlogPosting\" ><div class=\"blog-meta\"><a href='https:\/\/www.segeljahre.de\/?p=445' class='small-preview'  title=\"Hafentower von La Coruna\"   itemprop=\"image\" itemscope=\"itemscope\" itemtype=\"https:\/\/schema.org\/ImageObject\" ><img decoding=\"async\" loading=\"lazy\" width=\"180\" height=\"180\" src=\"https:\/\/www.segeljahre.de\/wp-content\/uploads\/2016\/10\/La_Coruna_DSC02413-180x180.jpg\" class=\"wp-image-448 avia-img-lazy-loading-448 attachment-square size-square wp-post-image\" alt=\"Hafentower von La Coruna\" srcset=\"https:\/\/www.segeljahre.de\/wp-content\/uploads\/2016\/10\/La_Coruna_DSC02413-180x180.jpg 180w, https:\/\/www.segeljahre.de\/wp-content\/uploads\/2016\/10\/La_Coruna_DSC02413-80x80.jpg 80w, https:\/\/www.segeljahre.de\/wp-content\/uploads\/2016\/10\/La_Coruna_DSC02413-36x36.jpg 36w, https:\/\/www.segeljahre.de\/wp-content\/uploads\/2016\/10\/La_Coruna_DSC02413-120x120.jpg 120w, https:\/\/www.segeljahre.de\/wp-content\/uploads\/2016\/10\/La_Coruna_DSC02413-450x450.jpg 450w\" sizes=\"auto, (max-width: 180px) 100vw, 180px\" \/><span class='iconfont avia-svg-icon avia-font-svg_entypo-fontello' data-av_svg_icon='pencil' data-av_iconset='svg_entypo-fontello' ><svg version=\"1.1\" xmlns=\"http:\/\/www.w3.org\/2000\/svg\" width=\"25\" height=\"32\" viewBox=\"0 0 25 32\" preserveAspectRatio=\"xMidYMid meet\" role=\"graphics-symbol\" aria-hidden=\"true\">\n<path d=\"M22.976 5.44q1.024 1.024 1.504 2.048t0.48 1.536v0.512l-8.064 8.064-9.28 9.216-7.616 1.664 1.6-7.68 9.28-9.216 8.064-8.064q1.728-0.384 4.032 1.92zM7.168 25.92l0.768-0.768q-0.064-1.408-1.664-3.008-0.704-0.704-1.44-1.12t-1.12-0.416l-0.448-0.064-0.704 0.768-0.576 2.56q0.896 0.512 1.472 1.088 0.768 0.768 1.152 1.536z\"><\/path>\n<\/svg><\/span><\/a><\/div><div class='entry-content-wrapper clearfix standard-content'><header class=\"entry-content-header\" aria-label=\"Post: Viveiro \u2013 La Coruna \u2013 Warten aufs Paket\"><h2 class='post-title entry-title '  itemprop=\"headline\" ><a href=\"https:\/\/www.segeljahre.de\/?p=445\" rel=\"bookmark\" title=\"Permanenter Link zu: Viveiro \u2013 La Coruna \u2013 Warten aufs Paket\">Viveiro \u2013 La Coruna \u2013 Warten aufs Paket<span class=\"post-format-icon minor-meta\"><\/span><\/a><\/h2><span class=\"post-meta-infos\"><time class=\"date-container minor-meta updated\"  itemprop=\"datePublished\" datetime=\"2016-10-01T14:22:29+02:00\" >1. Oktober 2016<\/time><span class=\"text-sep\">\/<\/span><span class=\"blog-categories minor-meta\">in <a href=\"https:\/\/www.segeljahre.de\/?cat=14\" rel=\"tag\">2016<\/a>, <a href=\"https:\/\/www.segeljahre.de\/?cat=93\" rel=\"tag\">A Coruna<\/a>, <a href=\"https:\/\/www.segeljahre.de\/?cat=77\" rel=\"tag\">Lissabon<\/a>, <a href=\"https:\/\/www.segeljahre.de\/?cat=122\" rel=\"tag\">Lorient<\/a>, <a href=\"https:\/\/www.segeljahre.de\/?cat=4\" rel=\"tag\">nOa<\/a>, <a href=\"https:\/\/www.segeljahre.de\/?cat=6\" rel=\"tag\">Spanien<\/a>, <a href=\"https:\/\/www.segeljahre.de\/?cat=121\" rel=\"tag\">Viveiro<\/a><\/span><span class=\"text-sep\">\/<\/span><span class=\"blog-author minor-meta\">von <span class=\"entry-author-link\"  itemprop=\"author\" ><span class=\"author\"><span class=\"fn\"><a href=\"https:\/\/www.segeljahre.de\/?author=4\" title=\"Beitr\u00e4ge von Raz\" rel=\"author\">Raz<\/a><\/span><\/span><\/span><\/span><\/span><\/header><div class=\"entry-content\"  itemprop=\"text\" ><p>In Viveiro bleibe ich nur drei Tage, mich zieht es irgendwie nach La Coruna. Viverio ist wirklich nett, sehr ruhig und trotzdem belebt.<\/p>\n<div class=\"read-more-link\"><a href=\"https:\/\/www.segeljahre.de\/?p=445\" class=\"more-link\">Weiterlesen<span class='more-link-arrow avia-svg-icon avia-font-svg_entypo-fontello' data-av_svg_icon='right-open-big' data-av_iconset='svg_entypo-fontello'><svg version=\"1.1\" xmlns=\"http:\/\/www.w3.org\/2000\/svg\" width=\"15\" height=\"32\" viewBox=\"0 0 15 32\" preserveAspectRatio=\"xMidYMid meet\" role=\"graphics-symbol\" aria-hidden=\"true\">\n<path d=\"M0.416 27.84l11.456-11.84-11.456-11.904q-0.832-0.832 0-1.536 0.832-0.832 1.536 0l12.544 12.608q0.768 0.832 0 1.6l-12.544 12.608q-0.704 0.832-1.536 0-0.832-0.704 0-1.536z\"><\/path>\n<\/svg><\/span><\/a><\/div>\n<\/div><footer class=\"entry-footer\"><\/footer><div class='post_delimiter'><\/div><\/div><div class=\"post_author_timeline\"><\/div><span class='hidden'>\n\t\t\t\t<span class='av-structured-data'  itemprop=\"image\" itemscope=\"itemscope\" itemtype=\"https:\/\/schema.org\/ImageObject\" >\n\t\t\t\t\t\t<span itemprop='url'>https:\/\/www.segeljahre.de\/wp-content\/uploads\/2016\/10\/La_Coruna_DSC02413.jpg<\/span>\n\t\t\t\t\t\t<span itemprop='height'>1920<\/span>\n\t\t\t\t\t\t<span itemprop='width'>1080<\/span>\n\t\t\t\t<\/span>\n\t\t\t\t<span class='av-structured-data'  itemprop=\"publisher\" itemtype=\"https:\/\/schema.org\/Organization\" itemscope=\"itemscope\" >\n\t\t\t\t\t\t<span itemprop='name'>Raz<\/span>\n\t\t\t\t\t\t<span itemprop='logo' itemscope itemtype='https:\/\/schema.org\/ImageObject'>\n\t\t\t\t\t\t\t<span itemprop='url'>https:\/\/www.segeljahre.de\/wp-content\/uploads\/2016\/05\/nOa-logo-web-300x100.png<\/span>\n\t\t\t\t\t\t<\/span>\n\t\t\t\t<\/span><span class='av-structured-data'  itemprop=\"author\" itemscope=\"itemscope\" itemtype=\"https:\/\/schema.org\/Person\" ><span itemprop='name'>Raz<\/span><\/span><span class='av-structured-data'  itemprop=\"datePublished\" datetime=\"2016-10-01T14:22:29+02:00\" >2016-10-01 14:22:29<\/span><span class='av-structured-data'  itemprop=\"dateModified\" itemtype=\"https:\/\/schema.org\/dateModified\" >2019-03-27 15:20:59<\/span><span class='av-structured-data'  itemprop=\"mainEntityOfPage\" itemtype=\"https:\/\/schema.org\/mainEntityOfPage\" ><span itemprop='name'>Viveiro \u2013 La Coruna \u2013 Warten aufs Paket<\/span><\/span><\/span><\/article><article class=\"post-entry post-entry-type-standard post-entry-906 post-loop-9 post-parity-odd single-small with-slider post-906 post type-post status-publish format-standard has-post-thumbnail hentry category-13 category-cascais category-lissabon category-porto-leixoes category-porto-santo category-portugal category-razfaz\"  itemscope=\"itemscope\" itemtype=\"https:\/\/schema.org\/BlogPosting\" ><div class=\"blog-meta\"><a href='https:\/\/www.segeljahre.de\/?p=906' class='small-preview'  title=\"7 Tage nur Wolken . . . und dann das!\"   itemprop=\"image\" itemscope=\"itemscope\" itemtype=\"https:\/\/schema.org\/ImageObject\" ><img decoding=\"async\" loading=\"lazy\" width=\"180\" height=\"180\" src=\"https:\/\/www.segeljahre.de\/wp-content\/uploads\/2016\/12\/e_IMG_5178-180x180.jpg\" class=\"wp-image-907 avia-img-lazy-loading-907 attachment-square size-square wp-post-image\" alt=\"7 Tage nur Wolken . . . und dann das!\" srcset=\"https:\/\/www.segeljahre.de\/wp-content\/uploads\/2016\/12\/e_IMG_5178-180x180.jpg 180w, https:\/\/www.segeljahre.de\/wp-content\/uploads\/2016\/12\/e_IMG_5178-80x80.jpg 80w, https:\/\/www.segeljahre.de\/wp-content\/uploads\/2016\/12\/e_IMG_5178-36x36.jpg 36w, https:\/\/www.segeljahre.de\/wp-content\/uploads\/2016\/12\/e_IMG_5178-120x120.jpg 120w, https:\/\/www.segeljahre.de\/wp-content\/uploads\/2016\/12\/e_IMG_5178-450x450.jpg 450w\" sizes=\"auto, (max-width: 180px) 100vw, 180px\" \/><span class='iconfont avia-svg-icon avia-font-svg_entypo-fontello' data-av_svg_icon='pencil' data-av_iconset='svg_entypo-fontello' ><svg version=\"1.1\" xmlns=\"http:\/\/www.w3.org\/2000\/svg\" width=\"25\" height=\"32\" viewBox=\"0 0 25 32\" preserveAspectRatio=\"xMidYMid meet\" role=\"graphics-symbol\" aria-hidden=\"true\">\n<path d=\"M22.976 5.44q1.024 1.024 1.504 2.048t0.48 1.536v0.512l-8.064 8.064-9.28 9.216-7.616 1.664 1.6-7.68 9.28-9.216 8.064-8.064q1.728-0.384 4.032 1.92zM7.168 25.92l0.768-0.768q-0.064-1.408-1.664-3.008-0.704-0.704-1.44-1.12t-1.12-0.416l-0.448-0.064-0.704 0.768-0.576 2.56q0.896 0.512 1.472 1.088 0.768 0.768 1.152 1.536z\"><\/path>\n<\/svg><\/span><\/a><\/div><div class='entry-content-wrapper clearfix standard-content'><header class=\"entry-content-header\" aria-label=\"Post: Zur\u00fcck in den Norden\"><h2 class='post-title entry-title '  itemprop=\"headline\" ><a href=\"https:\/\/www.segeljahre.de\/?p=906\" rel=\"bookmark\" title=\"Permanenter Link zu: Zur\u00fcck in den Norden\">Zur\u00fcck in den Norden<span class=\"post-format-icon minor-meta\"><\/span><\/a><\/h2><span class=\"post-meta-infos\"><time class=\"date-container minor-meta updated\"  itemprop=\"datePublished\" datetime=\"2013-07-01T18:29:33+02:00\" >1. Juli 2013<\/time><span class=\"text-sep\">\/<\/span><span class=\"blog-categories minor-meta\">in <a href=\"https:\/\/www.segeljahre.de\/?cat=13\" rel=\"tag\">2013<\/a>, <a href=\"https:\/\/www.segeljahre.de\/?cat=123\" rel=\"tag\">Cascais<\/a>, <a href=\"https:\/\/www.segeljahre.de\/?cat=77\" rel=\"tag\">Lissabon<\/a>, <a href=\"https:\/\/www.segeljahre.de\/?cat=75\" rel=\"tag\">Porto \u2013 Leixoes<\/a>, <a href=\"https:\/\/www.segeljahre.de\/?cat=80\" rel=\"tag\">Porto Santo<\/a>, <a href=\"https:\/\/www.segeljahre.de\/?cat=7\" rel=\"tag\">Portugal<\/a>, <a href=\"https:\/\/www.segeljahre.de\/?cat=2\" rel=\"tag\">RazFaz<\/a><\/span><span class=\"text-sep\">\/<\/span><span class=\"blog-author minor-meta\">von <span class=\"entry-author-link\"  itemprop=\"author\" ><span class=\"author\"><span class=\"fn\"><a href=\"https:\/\/www.segeljahre.de\/?author=4\" title=\"Beitr\u00e4ge von Raz\" rel=\"author\">Raz<\/a><\/span><\/span><\/span><\/span><\/span><\/header><div class=\"entry-content\"  itemprop=\"text\" ><p>Ich beschliesse, da das Wetter immer noch gut ist vier Tage sp\u00e4ter auszulaufen. Meine Bef\u00fcrchtung ist das ich noch in einen heftigen Sturm komme, da habe ich echt keine Lust zu. Da ist mir auch mein Fuss egal. Also gut, alles klar<\/p>\n<div class=\"read-more-link\"><a href=\"https:\/\/www.segeljahre.de\/?p=906\" class=\"more-link\">Weiterlesen<span class='more-link-arrow avia-svg-icon avia-font-svg_entypo-fontello' data-av_svg_icon='right-open-big' data-av_iconset='svg_entypo-fontello'><svg version=\"1.1\" xmlns=\"http:\/\/www.w3.org\/2000\/svg\" width=\"15\" height=\"32\" viewBox=\"0 0 15 32\" preserveAspectRatio=\"xMidYMid meet\" role=\"graphics-symbol\" aria-hidden=\"true\">\n<path d=\"M0.416 27.84l11.456-11.84-11.456-11.904q-0.832-0.832 0-1.536 0.832-0.832 1.536 0l12.544 12.608q0.768 0.832 0 1.6l-12.544 12.608q-0.704 0.832-1.536 0-0.832-0.704 0-1.536z\"><\/path>\n<\/svg><\/span><\/a><\/div>\n<\/div><footer class=\"entry-footer\"><\/footer><div class='post_delimiter'><\/div><\/div><div class=\"post_author_timeline\"><\/div><span class='hidden'>\n\t\t\t\t<span class='av-structured-data'  itemprop=\"image\" itemscope=\"itemscope\" itemtype=\"https:\/\/schema.org\/ImageObject\" >\n\t\t\t\t\t\t<span itemprop='url'>https:\/\/www.segeljahre.de\/wp-content\/uploads\/2016\/12\/e_IMG_5178.jpg<\/span>\n\t\t\t\t\t\t<span itemprop='height'>1920<\/span>\n\t\t\t\t\t\t<span itemprop='width'>1440<\/span>\n\t\t\t\t<\/span>\n\t\t\t\t<span class='av-structured-data'  itemprop=\"publisher\" itemtype=\"https:\/\/schema.org\/Organization\" itemscope=\"itemscope\" >\n\t\t\t\t\t\t<span itemprop='name'>Raz<\/span>\n\t\t\t\t\t\t<span itemprop='logo' itemscope itemtype='https:\/\/schema.org\/ImageObject'>\n\t\t\t\t\t\t\t<span itemprop='url'>https:\/\/www.segeljahre.de\/wp-content\/uploads\/2016\/05\/nOa-logo-web-300x100.png<\/span>\n\t\t\t\t\t\t<\/span>\n\t\t\t\t<\/span><span class='av-structured-data'  itemprop=\"author\" itemscope=\"itemscope\" itemtype=\"https:\/\/schema.org\/Person\" ><span itemprop='name'>Raz<\/span><\/span><span class='av-structured-data'  itemprop=\"datePublished\" datetime=\"2013-07-01T18:29:33+02:00\" >2013-07-01 18:29:33<\/span><span class='av-structured-data'  itemprop=\"dateModified\" itemtype=\"https:\/\/schema.org\/dateModified\" >2019-03-27 15:36:43<\/span><span class='av-structured-data'  itemprop=\"mainEntityOfPage\" itemtype=\"https:\/\/schema.org\/mainEntityOfPage\" ><span itemprop='name'>Zur\u00fcck in den Norden<\/span><\/span><\/span><\/article><article class=\"post-entry post-entry-type-standard post-entry-873 post-loop-10 post-parity-even single-small with-slider post-873 post type-post status-publish format-standard has-post-thumbnail hentry category-13 category-la-graciosa category-las-palmas category-lissabon category-razfaz category-spanien\"  itemscope=\"itemscope\" itemtype=\"https:\/\/schema.org\/BlogPosting\" ><div class=\"blog-meta\"><a href='https:\/\/www.segeljahre.de\/?p=873' class='small-preview'  title=\"Irgendwie sch\u00f6n hier\"   itemprop=\"image\" itemscope=\"itemscope\" itemtype=\"https:\/\/schema.org\/ImageObject\" ><img decoding=\"async\" loading=\"lazy\" width=\"180\" height=\"180\" src=\"https:\/\/www.segeljahre.de\/wp-content\/uploads\/2016\/12\/c_IMG_4841-180x180.jpg\" class=\"wp-image-874 avia-img-lazy-loading-874 attachment-square size-square wp-post-image\" alt=\"Irgendwie sch\u00f6n hier\" srcset=\"https:\/\/www.segeljahre.de\/wp-content\/uploads\/2016\/12\/c_IMG_4841-180x180.jpg 180w, https:\/\/www.segeljahre.de\/wp-content\/uploads\/2016\/12\/c_IMG_4841-80x80.jpg 80w, https:\/\/www.segeljahre.de\/wp-content\/uploads\/2016\/12\/c_IMG_4841-36x36.jpg 36w, https:\/\/www.segeljahre.de\/wp-content\/uploads\/2016\/12\/c_IMG_4841-120x120.jpg 120w, https:\/\/www.segeljahre.de\/wp-content\/uploads\/2016\/12\/c_IMG_4841-450x450.jpg 450w\" sizes=\"auto, (max-width: 180px) 100vw, 180px\" \/><span class='iconfont avia-svg-icon avia-font-svg_entypo-fontello' data-av_svg_icon='pencil' data-av_iconset='svg_entypo-fontello' ><svg version=\"1.1\" xmlns=\"http:\/\/www.w3.org\/2000\/svg\" width=\"25\" height=\"32\" viewBox=\"0 0 25 32\" preserveAspectRatio=\"xMidYMid meet\" role=\"graphics-symbol\" aria-hidden=\"true\">\n<path d=\"M22.976 5.44q1.024 1.024 1.504 2.048t0.48 1.536v0.512l-8.064 8.064-9.28 9.216-7.616 1.664 1.6-7.68 9.28-9.216 8.064-8.064q1.728-0.384 4.032 1.92zM7.168 25.92l0.768-0.768q-0.064-1.408-1.664-3.008-0.704-0.704-1.44-1.12t-1.12-0.416l-0.448-0.064-0.704 0.768-0.576 2.56q0.896 0.512 1.472 1.088 0.768 0.768 1.152 1.536z\"><\/path>\n<\/svg><\/span><\/a><\/div><div class='entry-content-wrapper clearfix standard-content'><header class=\"entry-content-header\" aria-label=\"Post: La Graciosa\"><h2 class='post-title entry-title '  itemprop=\"headline\" ><a href=\"https:\/\/www.segeljahre.de\/?p=873\" rel=\"bookmark\" title=\"Permanenter Link zu: La Graciosa\">La Graciosa<span class=\"post-format-icon minor-meta\"><\/span><\/a><\/h2><span class=\"post-meta-infos\"><time class=\"date-container minor-meta updated\"  itemprop=\"datePublished\" datetime=\"2013-06-15T16:40:02+02:00\" >15. Juni 2013<\/time><span class=\"text-sep\">\/<\/span><span class=\"blog-categories minor-meta\">in <a href=\"https:\/\/www.segeljahre.de\/?cat=13\" rel=\"tag\">2013<\/a>, <a href=\"https:\/\/www.segeljahre.de\/?cat=83\" rel=\"tag\">La Graciosa<\/a>, <a href=\"https:\/\/www.segeljahre.de\/?cat=82\" rel=\"tag\">Las Palmas<\/a>, <a href=\"https:\/\/www.segeljahre.de\/?cat=77\" rel=\"tag\">Lissabon<\/a>, <a href=\"https:\/\/www.segeljahre.de\/?cat=2\" rel=\"tag\">RazFaz<\/a>, <a href=\"https:\/\/www.segeljahre.de\/?cat=6\" rel=\"tag\">Spanien<\/a><\/span><span class=\"text-sep\">\/<\/span><span class=\"blog-author minor-meta\">von <span class=\"entry-author-link\"  itemprop=\"author\" ><span class=\"author\"><span class=\"fn\"><a href=\"https:\/\/www.segeljahre.de\/?author=4\" title=\"Beitr\u00e4ge von Raz\" rel=\"author\">Raz<\/a><\/span><\/span><\/span><\/span><\/span><\/header><div class=\"entry-content\"  itemprop=\"text\" ><p>Mein Plan ist nun der folgende, der Wind kippt regelm\u00e4\u00dfig von NordNordOst auf Nord. Immer so von Zeit zu Zeit. Also, wenn er auf Nord schwenkt segle ich nach La Graciosa.<\/p>\n<div class=\"read-more-link\"><a href=\"https:\/\/www.segeljahre.de\/?p=873\" class=\"more-link\">Weiterlesen<span class='more-link-arrow avia-svg-icon avia-font-svg_entypo-fontello' data-av_svg_icon='right-open-big' data-av_iconset='svg_entypo-fontello'><svg version=\"1.1\" xmlns=\"http:\/\/www.w3.org\/2000\/svg\" width=\"15\" height=\"32\" viewBox=\"0 0 15 32\" preserveAspectRatio=\"xMidYMid meet\" role=\"graphics-symbol\" aria-hidden=\"true\">\n<path d=\"M0.416 27.84l11.456-11.84-11.456-11.904q-0.832-0.832 0-1.536 0.832-0.832 1.536 0l12.544 12.608q0.768 0.832 0 1.6l-12.544 12.608q-0.704 0.832-1.536 0-0.832-0.704 0-1.536z\"><\/path>\n<\/svg><\/span><\/a><\/div>\n<\/div><footer class=\"entry-footer\"><\/footer><div class='post_delimiter'><\/div><\/div><div class=\"post_author_timeline\"><\/div><span class='hidden'>\n\t\t\t\t<span class='av-structured-data'  itemprop=\"image\" itemscope=\"itemscope\" itemtype=\"https:\/\/schema.org\/ImageObject\" >\n\t\t\t\t\t\t<span itemprop='url'>https:\/\/www.segeljahre.de\/wp-content\/uploads\/2016\/12\/c_IMG_4841.jpg<\/span>\n\t\t\t\t\t\t<span itemprop='height'>1440<\/span>\n\t\t\t\t\t\t<span itemprop='width'>1920<\/span>\n\t\t\t\t<\/span>\n\t\t\t\t<span class='av-structured-data'  itemprop=\"publisher\" itemtype=\"https:\/\/schema.org\/Organization\" itemscope=\"itemscope\" >\n\t\t\t\t\t\t<span itemprop='name'>Raz<\/span>\n\t\t\t\t\t\t<span itemprop='logo' itemscope itemtype='https:\/\/schema.org\/ImageObject'>\n\t\t\t\t\t\t\t<span itemprop='url'>https:\/\/www.segeljahre.de\/wp-content\/uploads\/2016\/05\/nOa-logo-web-300x100.png<\/span>\n\t\t\t\t\t\t<\/span>\n\t\t\t\t<\/span><span class='av-structured-data'  itemprop=\"author\" itemscope=\"itemscope\" itemtype=\"https:\/\/schema.org\/Person\" ><span itemprop='name'>Raz<\/span><\/span><span class='av-structured-data'  itemprop=\"datePublished\" datetime=\"2013-06-15T16:40:02+02:00\" >2013-06-15 16:40:02<\/span><span class='av-structured-data'  itemprop=\"dateModified\" itemtype=\"https:\/\/schema.org\/dateModified\" >2019-03-27 15:33:37<\/span><span class='av-structured-data'  itemprop=\"mainEntityOfPage\" itemtype=\"https:\/\/schema.org\/mainEntityOfPage\" ><span itemprop='name'>La Graciosa<\/span><\/span><\/span><\/article><article class=\"post-entry post-entry-type-standard post-entry-773 post-loop-11 post-parity-odd single-small with-slider post-773 post type-post status-publish format-standard has-post-thumbnail hentry category-12 category-cascais category-dover category-lissabon category-portugal category-razfaz\"  itemscope=\"itemscope\" itemtype=\"https:\/\/schema.org\/BlogPosting\" ><div class=\"blog-meta\"><a href='https:\/\/www.segeljahre.de\/?p=773' class='small-preview'  title=\"Motoreinbau\"   itemprop=\"image\" itemscope=\"itemscope\" itemtype=\"https:\/\/schema.org\/ImageObject\" ><img decoding=\"async\" loading=\"lazy\" width=\"180\" height=\"180\" src=\"https:\/\/www.segeljahre.de\/wp-content\/uploads\/2016\/12\/1_IMG_2936-180x180.jpg\" class=\"wp-image-776 avia-img-lazy-loading-776 attachment-square size-square wp-post-image\" alt=\"Motoreinbau\" srcset=\"https:\/\/www.segeljahre.de\/wp-content\/uploads\/2016\/12\/1_IMG_2936-180x180.jpg 180w, https:\/\/www.segeljahre.de\/wp-content\/uploads\/2016\/12\/1_IMG_2936-80x80.jpg 80w, https:\/\/www.segeljahre.de\/wp-content\/uploads\/2016\/12\/1_IMG_2936-36x36.jpg 36w, https:\/\/www.segeljahre.de\/wp-content\/uploads\/2016\/12\/1_IMG_2936-120x120.jpg 120w, https:\/\/www.segeljahre.de\/wp-content\/uploads\/2016\/12\/1_IMG_2936-450x450.jpg 450w\" sizes=\"auto, (max-width: 180px) 100vw, 180px\" \/><span class='iconfont avia-svg-icon avia-font-svg_entypo-fontello' data-av_svg_icon='pencil' data-av_iconset='svg_entypo-fontello' ><svg version=\"1.1\" xmlns=\"http:\/\/www.w3.org\/2000\/svg\" width=\"25\" height=\"32\" viewBox=\"0 0 25 32\" preserveAspectRatio=\"xMidYMid meet\" role=\"graphics-symbol\" aria-hidden=\"true\">\n<path d=\"M22.976 5.44q1.024 1.024 1.504 2.048t0.48 1.536v0.512l-8.064 8.064-9.28 9.216-7.616 1.664 1.6-7.68 9.28-9.216 8.064-8.064q1.728-0.384 4.032 1.92zM7.168 25.92l0.768-0.768q-0.064-1.408-1.664-3.008-0.704-0.704-1.44-1.12t-1.12-0.416l-0.448-0.064-0.704 0.768-0.576 2.56q0.896 0.512 1.472 1.088 0.768 0.768 1.152 1.536z\"><\/path>\n<\/svg><\/span><\/a><\/div><div class='entry-content-wrapper clearfix standard-content'><header class=\"entry-content-header\" aria-label=\"Post: Cascais &#8211; nichts als warten\"><h2 class='post-title entry-title '  itemprop=\"headline\" ><a href=\"https:\/\/www.segeljahre.de\/?p=773\" rel=\"bookmark\" title=\"Permanenter Link zu: Cascais &#8211; nichts als warten\">Cascais &#8211; nichts als warten<span class=\"post-format-icon minor-meta\"><\/span><\/a><\/h2><span class=\"post-meta-infos\"><time class=\"date-container minor-meta updated\"  itemprop=\"datePublished\" datetime=\"2012-10-15T17:54:52+02:00\" >15. Oktober 2012<\/time><span class=\"text-sep\">\/<\/span><span class=\"blog-categories minor-meta\">in <a href=\"https:\/\/www.segeljahre.de\/?cat=12\" rel=\"tag\">2012<\/a>, <a href=\"https:\/\/www.segeljahre.de\/?cat=123\" rel=\"tag\">Cascais<\/a>, <a href=\"https:\/\/www.segeljahre.de\/?cat=88\" rel=\"tag\">Dover<\/a>, <a href=\"https:\/\/www.segeljahre.de\/?cat=77\" rel=\"tag\">Lissabon<\/a>, <a href=\"https:\/\/www.segeljahre.de\/?cat=7\" rel=\"tag\">Portugal<\/a>, <a href=\"https:\/\/www.segeljahre.de\/?cat=2\" rel=\"tag\">RazFaz<\/a><\/span><span class=\"text-sep\">\/<\/span><span class=\"blog-author minor-meta\">von <span class=\"entry-author-link\"  itemprop=\"author\" ><span class=\"author\"><span class=\"fn\"><a href=\"https:\/\/www.segeljahre.de\/?author=4\" title=\"Beitr\u00e4ge von Raz\" rel=\"author\">Raz<\/a><\/span><\/span><\/span><\/span><\/span><\/header><div class=\"entry-content\"  itemprop=\"text\" ><p>Wobei preiswert ist das hier in der Hochsaison nicht. Jeder der in Lissabon Geld hat, hat ein Schiff oder ein Haus, oder beides in Cascais. Ich habe noch nie eine so hohe f\u00fcnf Sterne Hoteldichte gesehen wie an dieser K\u00fcste.<\/p>\n<div class=\"read-more-link\"><a href=\"https:\/\/www.segeljahre.de\/?p=773\" class=\"more-link\">Weiterlesen<span class='more-link-arrow avia-svg-icon avia-font-svg_entypo-fontello' data-av_svg_icon='right-open-big' data-av_iconset='svg_entypo-fontello'><svg version=\"1.1\" xmlns=\"http:\/\/www.w3.org\/2000\/svg\" width=\"15\" height=\"32\" viewBox=\"0 0 15 32\" preserveAspectRatio=\"xMidYMid meet\" role=\"graphics-symbol\" aria-hidden=\"true\">\n<path d=\"M0.416 27.84l11.456-11.84-11.456-11.904q-0.832-0.832 0-1.536 0.832-0.832 1.536 0l12.544 12.608q0.768 0.832 0 1.6l-12.544 12.608q-0.704 0.832-1.536 0-0.832-0.704 0-1.536z\"><\/path>\n<\/svg><\/span><\/a><\/div>\n<\/div><footer class=\"entry-footer\"><\/footer><div class='post_delimiter'><\/div><\/div><div class=\"post_author_timeline\"><\/div><span class='hidden'>\n\t\t\t\t<span class='av-structured-data'  itemprop=\"image\" itemscope=\"itemscope\" itemtype=\"https:\/\/schema.org\/ImageObject\" >\n\t\t\t\t\t\t<span itemprop='url'>https:\/\/www.segeljahre.de\/wp-content\/uploads\/2016\/12\/1_IMG_2936.jpg<\/span>\n\t\t\t\t\t\t<span itemprop='height'>1440<\/span>\n\t\t\t\t\t\t<span itemprop='width'>1920<\/span>\n\t\t\t\t<\/span>\n\t\t\t\t<span class='av-structured-data'  itemprop=\"publisher\" itemtype=\"https:\/\/schema.org\/Organization\" itemscope=\"itemscope\" >\n\t\t\t\t\t\t<span itemprop='name'>Raz<\/span>\n\t\t\t\t\t\t<span itemprop='logo' itemscope itemtype='https:\/\/schema.org\/ImageObject'>\n\t\t\t\t\t\t\t<span itemprop='url'>https:\/\/www.segeljahre.de\/wp-content\/uploads\/2016\/05\/nOa-logo-web-300x100.png<\/span>\n\t\t\t\t\t\t<\/span>\n\t\t\t\t<\/span><span class='av-structured-data'  itemprop=\"author\" itemscope=\"itemscope\" itemtype=\"https:\/\/schema.org\/Person\" ><span itemprop='name'>Raz<\/span><\/span><span class='av-structured-data'  itemprop=\"datePublished\" datetime=\"2012-10-15T17:54:52+02:00\" >2012-10-15 17:54:52<\/span><span class='av-structured-data'  itemprop=\"dateModified\" itemtype=\"https:\/\/schema.org\/dateModified\" >2019-03-27 15:26:37<\/span><span class='av-structured-data'  itemprop=\"mainEntityOfPage\" itemtype=\"https:\/\/schema.org\/mainEntityOfPage\" ><span itemprop='name'>Cascais &#8211; nichts als warten<\/span><\/span><\/span><\/article><article class=\"post-entry post-entry-type-standard post-entry-763 post-loop-12 post-parity-even post-entry-last single-small with-slider post-763 post type-post status-publish format-standard has-post-thumbnail hentry category-12 category-a-coruna category-camarinias category-gijon category-lissabon category-peniche category-portugal category-razfaz category-spanien\"  itemscope=\"itemscope\" itemtype=\"https:\/\/schema.org\/BlogPosting\" ><div class=\"blog-meta\"><a href='https:\/\/www.segeljahre.de\/?p=763' class='small-preview'  title=\"Strand von La Coruna\"   itemprop=\"image\" itemscope=\"itemscope\" itemtype=\"https:\/\/schema.org\/ImageObject\" ><img decoding=\"async\" loading=\"lazy\" width=\"180\" height=\"180\" src=\"https:\/\/www.segeljahre.de\/wp-content\/uploads\/2016\/12\/biskaya_IMG_2679-180x180.jpg\" class=\"wp-image-765 avia-img-lazy-loading-765 attachment-square size-square wp-post-image\" alt=\"Strand von La Coruna\" srcset=\"https:\/\/www.segeljahre.de\/wp-content\/uploads\/2016\/12\/biskaya_IMG_2679-180x180.jpg 180w, https:\/\/www.segeljahre.de\/wp-content\/uploads\/2016\/12\/biskaya_IMG_2679-80x80.jpg 80w, https:\/\/www.segeljahre.de\/wp-content\/uploads\/2016\/12\/biskaya_IMG_2679-36x36.jpg 36w, https:\/\/www.segeljahre.de\/wp-content\/uploads\/2016\/12\/biskaya_IMG_2679-120x120.jpg 120w, https:\/\/www.segeljahre.de\/wp-content\/uploads\/2016\/12\/biskaya_IMG_2679-450x450.jpg 450w\" sizes=\"auto, (max-width: 180px) 100vw, 180px\" \/><span class='iconfont avia-svg-icon avia-font-svg_entypo-fontello' data-av_svg_icon='pencil' data-av_iconset='svg_entypo-fontello' ><svg version=\"1.1\" xmlns=\"http:\/\/www.w3.org\/2000\/svg\" width=\"25\" height=\"32\" viewBox=\"0 0 25 32\" preserveAspectRatio=\"xMidYMid meet\" role=\"graphics-symbol\" aria-hidden=\"true\">\n<path d=\"M22.976 5.44q1.024 1.024 1.504 2.048t0.48 1.536v0.512l-8.064 8.064-9.28 9.216-7.616 1.664 1.6-7.68 9.28-9.216 8.064-8.064q1.728-0.384 4.032 1.92zM7.168 25.92l0.768-0.768q-0.064-1.408-1.664-3.008-0.704-0.704-1.44-1.12t-1.12-0.416l-0.448-0.064-0.704 0.768-0.576 2.56q0.896 0.512 1.472 1.088 0.768 0.768 1.152 1.536z\"><\/path>\n<\/svg><\/span><\/a><\/div><div class='entry-content-wrapper clearfix standard-content'><header class=\"entry-content-header\" aria-label=\"Post: La Coruna bis Cascais (Lissabon)\"><h2 class='post-title entry-title '  itemprop=\"headline\" ><a href=\"https:\/\/www.segeljahre.de\/?p=763\" rel=\"bookmark\" title=\"Permanenter Link zu: La Coruna bis Cascais (Lissabon)\">La Coruna bis Cascais (Lissabon)<span class=\"post-format-icon minor-meta\"><\/span><\/a><\/h2><span class=\"post-meta-infos\"><time class=\"date-container minor-meta updated\"  itemprop=\"datePublished\" datetime=\"2012-10-01T17:29:23+02:00\" >1. Oktober 2012<\/time><span class=\"text-sep\">\/<\/span><span class=\"blog-categories minor-meta\">in <a href=\"https:\/\/www.segeljahre.de\/?cat=12\" rel=\"tag\">2012<\/a>, <a href=\"https:\/\/www.segeljahre.de\/?cat=93\" rel=\"tag\">A Coruna<\/a>, <a href=\"https:\/\/www.segeljahre.de\/?cat=117\" rel=\"tag\">Camarinias<\/a>, <a href=\"https:\/\/www.segeljahre.de\/?cat=94\" rel=\"tag\">Gijon<\/a>, <a href=\"https:\/\/www.segeljahre.de\/?cat=77\" rel=\"tag\">Lissabon<\/a>, <a href=\"https:\/\/www.segeljahre.de\/?cat=74\" rel=\"tag\">Peniche<\/a>, <a href=\"https:\/\/www.segeljahre.de\/?cat=7\" rel=\"tag\">Portugal<\/a>, <a href=\"https:\/\/www.segeljahre.de\/?cat=2\" rel=\"tag\">RazFaz<\/a>, <a href=\"https:\/\/www.segeljahre.de\/?cat=6\" rel=\"tag\">Spanien<\/a><\/span><span class=\"text-sep\">\/<\/span><span class=\"blog-author minor-meta\">von <span class=\"entry-author-link\"  itemprop=\"author\" ><span class=\"author\"><span class=\"fn\"><a href=\"https:\/\/www.segeljahre.de\/?author=4\" title=\"Beitr\u00e4ge von Raz\" rel=\"author\">Raz<\/a><\/span><\/span><\/span><\/span><\/span><\/header><div class=\"entry-content\"  itemprop=\"text\" ><p>Nach zwei Wochen Gijon breche ich dann bei achterlichem Wind nach La Coruna auf. Am Nachmittag geht es los, ein, eineinhalb Tage so denke ich. Der Wind wird dann aber in der Nacht so stark<\/p>\n<div class=\"read-more-link\"><a href=\"https:\/\/www.segeljahre.de\/?p=763\" class=\"more-link\">Weiterlesen<span class='more-link-arrow avia-svg-icon avia-font-svg_entypo-fontello' data-av_svg_icon='right-open-big' data-av_iconset='svg_entypo-fontello'><svg version=\"1.1\" xmlns=\"http:\/\/www.w3.org\/2000\/svg\" width=\"15\" height=\"32\" viewBox=\"0 0 15 32\" preserveAspectRatio=\"xMidYMid meet\" role=\"graphics-symbol\" aria-hidden=\"true\">\n<path d=\"M0.416 27.84l11.456-11.84-11.456-11.904q-0.832-0.832 0-1.536 0.832-0.832 1.536 0l12.544 12.608q0.768 0.832 0 1.6l-12.544 12.608q-0.704 0.832-1.536 0-0.832-0.704 0-1.536z\"><\/path>\n<\/svg><\/span><\/a><\/div>\n<\/div><footer class=\"entry-footer\"><\/footer><div class='post_delimiter'><\/div><\/div><div class=\"post_author_timeline\"><\/div><span class='hidden'>\n\t\t\t\t<span class='av-structured-data'  itemprop=\"image\" itemscope=\"itemscope\" itemtype=\"https:\/\/schema.org\/ImageObject\" >\n\t\t\t\t\t\t<span itemprop='url'>https:\/\/www.segeljahre.de\/wp-content\/uploads\/2016\/12\/biskaya_IMG_2679.jpg<\/span>\n\t\t\t\t\t\t<span itemprop='height'>1440<\/span>\n\t\t\t\t\t\t<span itemprop='width'>1920<\/span>\n\t\t\t\t<\/span>\n\t\t\t\t<span class='av-structured-data'  itemprop=\"publisher\" itemtype=\"https:\/\/schema.org\/Organization\" itemscope=\"itemscope\" >\n\t\t\t\t\t\t<span itemprop='name'>Raz<\/span>\n\t\t\t\t\t\t<span itemprop='logo' itemscope itemtype='https:\/\/schema.org\/ImageObject'>\n\t\t\t\t\t\t\t<span itemprop='url'>https:\/\/www.segeljahre.de\/wp-content\/uploads\/2016\/05\/nOa-logo-web-300x100.png<\/span>\n\t\t\t\t\t\t<\/span>\n\t\t\t\t<\/span><span class='av-structured-data'  itemprop=\"author\" itemscope=\"itemscope\" itemtype=\"https:\/\/schema.org\/Person\" ><span itemprop='name'>Raz<\/span><\/span><span class='av-structured-data'  itemprop=\"datePublished\" datetime=\"2012-10-01T17:29:23+02:00\" >2012-10-01 17:29:23<\/span><span class='av-structured-data'  itemprop=\"dateModified\" itemtype=\"https:\/\/schema.org\/dateModified\" >2019-03-27 15:25:35<\/span><span class='av-structured-data'  itemprop=\"mainEntityOfPage\" itemtype=\"https:\/\/schema.org\/mainEntityOfPage\" ><span itemprop='name'>La Coruna bis Cascais (Lissabon)<\/span><\/span><\/span><\/article><div class='single-small'><\/div><\/div>\n\n<style type=\"text\/css\" data-created_by=\"avia_inline_auto\" id=\"style-css-av-av_heading-462655e0de817d59c54e704f2ea22aca\">\n#top .av-special-heading.av-av_heading-462655e0de817d59c54e704f2ea22aca{\npadding-bottom:10px;\n}\nbody .av-special-heading.av-av_heading-462655e0de817d59c54e704f2ea22aca .av-special-heading-tag .heading-char{\nfont-size:25px;\n}\n.av-special-heading.av-av_heading-462655e0de817d59c54e704f2ea22aca .av-subheading{\nfont-size:15px;\n}\n<\/style>\n<div  class='av-special-heading av-av_heading-462655e0de817d59c54e704f2ea22aca av-special-heading-h3  avia-builder-el-0  el_before_av_textblock  avia-builder-el-first '><h3 class='av-special-heading-tag '  itemprop=\"headline\"  >Verlinkte Posts<\/h3><div class=\"special-heading-border\"><div class=\"special-heading-inner-border\"><\/div><\/div><\/div>\n<div  class='avia-icon-list-container av-7y9ny7-d29f6dbbc54fdb5b7a3e9c3aa95c4804'><ul class='avia-icon-list avia_animate_when_almost_visible avia-icon-list-left av-iconlist-big av-7y9ny7-d29f6dbbc54fdb5b7a3e9c3aa95c4804 avia-iconlist-animate'>\n<li><a href='https:\/\/en.wikipedia.org\/wiki\/Lisbon' title='Wikipedia'  target=\"_blank\"  rel=\"noopener noreferrer\" class='iconlist_icon av-av_iconlist_item-30328652619acc9deddb62c69c679013 avia-font-entypo-fontello avia-iconfont avia-font-entypo-fontello'><span class='av-icon-char' data-av_icon='\ue81f' data-av_iconfont='entypo-fontello' aria-hidden=\"true\"><\/span><\/a><article class=\"article-icon-entry av-iconlist-empty\"  itemscope=\"itemscope\" itemtype=\"https:\/\/schema.org\/BlogPosting\" itemprop=\"blogPost\" ><div class=\"iconlist_content_wrap\"><header class=\"entry-content-header\" aria-label=\"Icon: &lt;a href=&#039;https:\/\/en.wikipedia.org\/wiki\/Lisbon&#039; title=&#039;Wikipedia&#039; target=&quot;_blank&quot;  rel=&quot;noopener noreferrer&quot;&gt;Wikipedia&lt;\/a&gt;\"><h4 class='av_iconlist_title iconlist_title  '  itemprop=\"headline\" ><a href='https:\/\/en.wikipedia.org\/wiki\/Lisbon' title='Wikipedia' target=\"_blank\"  rel=\"noopener noreferrer\">Wikipedia<\/a><\/h4><\/header><div class='iconlist_content '  itemprop=\"text\" ><\/div><\/div><footer class=\"entry-footer\"><\/footer><\/article><div class=\"iconlist-timeline\"><\/div><\/li>\n<li><a href='https:\/\/www.noonsite.com\/Countries\/Portugal\/Lisbon' title='Noonsite'  target=\"_blank\"  rel=\"noopener noreferrer\" class='iconlist_icon av-av_iconlist_item-f6e0caac27a1b568a23501ab94dbd8c6 avia-font-entypo-fontello avia-iconfont avia-font-entypo-fontello'><span class='av-icon-char' data-av_icon='\ue81f' data-av_iconfont='entypo-fontello' aria-hidden=\"true\"><\/span><\/a><article class=\"article-icon-entry av-iconlist-empty\"  itemscope=\"itemscope\" itemtype=\"https:\/\/schema.org\/BlogPosting\" itemprop=\"blogPost\" ><div class=\"iconlist_content_wrap\"><header class=\"entry-content-header\" aria-label=\"Icon: &lt;a href=&#039;https:\/\/www.noonsite.com\/Countries\/Portugal\/Lisbon&#039; title=&#039;Noonsite&#039; target=&quot;_blank&quot;  rel=&quot;noopener noreferrer&quot;&gt;Noonsite&lt;\/a&gt;\"><h4 class='av_iconlist_title iconlist_title  '  itemprop=\"headline\" ><a href='https:\/\/www.noonsite.com\/Countries\/Portugal\/Lisbon' title='Noonsite' target=\"_blank\"  rel=\"noopener noreferrer\">Noonsite<\/a><\/h4><\/header><div class='iconlist_content '  itemprop=\"text\" ><\/div><\/div><footer class=\"entry-footer\"><\/footer><\/article><div class=\"iconlist-timeline\"><\/div><\/li>\n<li><a href='http:\/\/www.cruiserswiki.org\/wiki\/Lisbon' title='Cruiserswiki'  target=\"_blank\"  rel=\"noopener noreferrer\" class='iconlist_icon av-av_iconlist_item-85bedae077b3230ed5663b604b730727 avia-font-entypo-fontello avia-iconfont avia-font-entypo-fontello'><span class='av-icon-char' data-av_icon='\ue81f' data-av_iconfont='entypo-fontello' aria-hidden=\"true\"><\/span><\/a><article class=\"article-icon-entry av-iconlist-empty\"  itemscope=\"itemscope\" itemtype=\"https:\/\/schema.org\/BlogPosting\" itemprop=\"blogPost\" ><div class=\"iconlist_content_wrap\"><header class=\"entry-content-header\" aria-label=\"Icon: &lt;a href=&#039;http:\/\/www.cruiserswiki.org\/wiki\/Lisbon&#039; title=&#039;Cruiserswiki&#039; target=&quot;_blank&quot;  rel=&quot;noopener noreferrer&quot;&gt;Cruiserswiki&lt;\/a&gt;\"><h4 class='av_iconlist_title iconlist_title  '  itemprop=\"headline\" ><a href='http:\/\/www.cruiserswiki.org\/wiki\/Lisbon' title='Cruiserswiki' target=\"_blank\"  rel=\"noopener noreferrer\">Cruiserswiki<\/a><\/h4><\/header><div class='iconlist_content '  itemprop=\"text\" ><\/div><\/div><footer class=\"entry-footer\"><\/footer><\/article><div class=\"iconlist-timeline\"><\/div><\/li>\n<\/ul><\/div>\n<section  class='av_textblock_section av-2rpwz3-2712888ece566e0c7e2732a92e04f228 '   itemscope=\"itemscope\" itemtype=\"https:\/\/schema.org\/BlogPosting\" itemprop=\"blogPost\" ><div class='avia_textblock'  itemprop=\"text\" ><\/div><\/section>\n","protected":false},"excerpt":{"rendered":"<p>Entgegen dem Handbuch muss ich sagen, die Br\u00fccke des 25 April h\u00f6rt man auch hier immer noch . . . .<\/p>\n","protected":false},"author":0,"featured_media":1611,"comment_status":"closed","ping_status":"closed","template":"","meta":{"footnotes":""},"tags":[],"portfolio_entries":[20,22,40,19,28],"class_list":["post-1119","portfolio","type-portfolio","status-publish","has-post-thumbnail","hentry","portfolio_entries-20","portfolio_entries-22","portfolio_entries-40","portfolio_entries-hafenbeschreibungen","portfolio_entries-portugal"],"aioseo_notices":[],"_links":{"self":[{"href":"https:\/\/www.segeljahre.de\/index.php?rest_route=\/wp\/v2\/portfolio\/1119","targetHints":{"allow":["GET"]}}],"collection":[{"href":"https:\/\/www.segeljahre.de\/index.php?rest_route=\/wp\/v2\/portfolio"}],"about":[{"href":"https:\/\/www.segeljahre.de\/index.php?rest_route=\/wp\/v2\/types\/portfolio"}],"replies":[{"embeddable":true,"href":"https:\/\/www.segeljahre.de\/index.php?rest_route=%2Fwp%2Fv2%2Fcomments&post=1119"}],"version-history":[{"count":4,"href":"https:\/\/www.segeljahre.de\/index.php?rest_route=\/wp\/v2\/portfolio\/1119\/revisions"}],"predecessor-version":[{"id":2834,"href":"https:\/\/www.segeljahre.de\/index.php?rest_route=\/wp\/v2\/portfolio\/1119\/revisions\/2834"}],"wp:featuredmedia":[{"embeddable":true,"href":"https:\/\/www.segeljahre.de\/index.php?rest_route=\/wp\/v2\/media\/1611"}],"wp:attachment":[{"href":"https:\/\/www.segeljahre.de\/index.php?rest_route=%2Fwp%2Fv2%2Fmedia&parent=1119"}],"wp:term":[{"taxonomy":"post_tag","embeddable":true,"href":"https:\/\/www.segeljahre.de\/index.php?rest_route=%2Fwp%2Fv2%2Ftags&post=1119"},{"taxonomy":"portfolio_entries","embeddable":true,"href":"https:\/\/www.segeljahre.de\/index.php?rest_route=%2Fwp%2Fv2%2Fportfolio_entries&post=1119"}],"curies":[{"name":"wp","href":"https:\/\/api.w.org\/{rel}","templated":true}]}}