{"id":1134,"date":"2017-05-24T18:49:48","date_gmt":"2017-05-24T18:49:48","guid":{"rendered":"http:\/\/www.segeljahre.de\/?post_type=portfolio&#038;p=1134"},"modified":"2019-03-30T11:39:29","modified_gmt":"2019-03-30T10:39:29","slug":"1134","status":"publish","type":"portfolio","link":"https:\/\/www.segeljahre.de\/?portfolio=1134","title":{"rendered":"Dover &#8211; 2012 \/ 2016"},"content":{"rendered":"\n<style type=\"text\/css\" data-created_by=\"avia_inline_auto\" id=\"style-css-av-av_heading-761f62dd40c9bb6af27bb647b4b1d207\">\n#top .av-special-heading.av-av_heading-761f62dd40c9bb6af27bb647b4b1d207{\npadding-bottom:10px;\n}\nbody .av-special-heading.av-av_heading-761f62dd40c9bb6af27bb647b4b1d207 .av-special-heading-tag .heading-char{\nfont-size:25px;\n}\n.av-special-heading.av-av_heading-761f62dd40c9bb6af27bb647b4b1d207 .av-subheading{\nfont-size:15px;\n}\n<\/style>\n<div  class='av-special-heading av-av_heading-761f62dd40c9bb6af27bb647b4b1d207 av-special-heading-h3  avia-builder-el-0  el_before_av_textblock  avia-builder-el-first '><h3 class='av-special-heading-tag '  itemprop=\"headline\"  >Dover &#8211; 2012 \/ 2016<\/h3><div class=\"special-heading-border\"><div class=\"special-heading-inner-border\"><\/div><\/div><\/div>\n<section  class='av_textblock_section av-ba65ha-3630324c344b49cb6c6e2f12846d09d5 '   itemscope=\"itemscope\" itemtype=\"https:\/\/schema.org\/CreativeWork\" ><div class='avia_textblock'  itemprop=\"text\" ><p>Anmelden per Funk bei der Port Control ist Pflicht, geht aber auch einfach von der Lippe. Beim Hafen muss man auch L\u00e4nge und Tiefgang parat haben. GGF sollte man darauf hinweisen wann man gedenkt den Hafen verlassen zu wollen. Die Greenville Docks z.B. haben Schleusentore die nicht immer ge\u00f6ffnet sind. Zur Not kann man aber vorher vor die Tore und an Wartestegen warten.<\/p>\n<p>Bis zur Stadt sind es ein paar Minuten zu laufen. Ich war aber nur einen Tag in Dover, mir war es zu voll. Durch denn F\u00e4hrbetrieb sind viele Autos unterwegs und viele Tagestouries sind in der Stadt. Des gro\u00dfen Namens wegen sollte man mal hergekommen sein, ich selber konnte der Stadt nicht so viel abgewinnen.<\/p>\n<\/div><\/section>\n\n<style type=\"text\/css\" data-created_by=\"avia_inline_auto\" id=\"style-css-av-av_heading-462655e0de817d59c54e704f2ea22aca\">\n#top .av-special-heading.av-av_heading-462655e0de817d59c54e704f2ea22aca{\npadding-bottom:10px;\n}\nbody .av-special-heading.av-av_heading-462655e0de817d59c54e704f2ea22aca .av-special-heading-tag .heading-char{\nfont-size:25px;\n}\n.av-special-heading.av-av_heading-462655e0de817d59c54e704f2ea22aca .av-subheading{\nfont-size:15px;\n}\n<\/style>\n<div  class='av-special-heading av-av_heading-462655e0de817d59c54e704f2ea22aca av-special-heading-h3  avia-builder-el-2  el_after_av_textblock  el_before_av_blog '><h3 class='av-special-heading-tag '  itemprop=\"headline\"  >Verlinkte Posts<\/h3><div class=\"special-heading-border\"><div class=\"special-heading-inner-border\"><\/div><\/div><\/div>\n<div  class='av-alb-blogposts template-blog  '  itemscope=\"itemscope\" itemtype=\"https:\/\/schema.org\/Blog\" ><article class=\"post-entry post-entry-type-standard post-entry-358 post-loop-1 post-parity-odd single-small with-slider post-358 post type-post status-publish format-standard has-post-thumbnail hentry category-14 category-amsterdam category-belgien category-blankenberge category-brighton category-dover category-duenkirchen category-england category-enkhuizen category-falmouth category-frankreich category-niederlande category-noa category-stelendam category-torquay\"  itemscope=\"itemscope\" itemtype=\"https:\/\/schema.org\/BlogPosting\" ><div class=\"blog-meta\"><a href='https:\/\/www.segeljahre.de\/?p=358' class='small-preview'  title=\"Der Raz\"   itemprop=\"image\" itemscope=\"itemscope\" itemtype=\"https:\/\/schema.org\/ImageObject\" ><img decoding=\"async\" loading=\"lazy\" width=\"180\" height=\"180\" src=\"https:\/\/www.segeljahre.de\/wp-content\/uploads\/2016\/09\/Torquay_Falmouth_IMG_0645-180x180.jpg\" class=\"wp-image-378 avia-img-lazy-loading-378 attachment-square size-square wp-post-image\" alt=\"Raz - Ralf-Armin Zaeske\" srcset=\"https:\/\/www.segeljahre.de\/wp-content\/uploads\/2016\/09\/Torquay_Falmouth_IMG_0645-180x180.jpg 180w, https:\/\/www.segeljahre.de\/wp-content\/uploads\/2016\/09\/Torquay_Falmouth_IMG_0645-80x80.jpg 80w, https:\/\/www.segeljahre.de\/wp-content\/uploads\/2016\/09\/Torquay_Falmouth_IMG_0645-36x36.jpg 36w, https:\/\/www.segeljahre.de\/wp-content\/uploads\/2016\/09\/Torquay_Falmouth_IMG_0645-120x120.jpg 120w, https:\/\/www.segeljahre.de\/wp-content\/uploads\/2016\/09\/Torquay_Falmouth_IMG_0645-450x450.jpg 450w\" sizes=\"auto, (max-width: 180px) 100vw, 180px\" \/><span class='iconfont avia-svg-icon avia-font-svg_entypo-fontello' data-av_svg_icon='pencil' data-av_iconset='svg_entypo-fontello' ><svg version=\"1.1\" xmlns=\"http:\/\/www.w3.org\/2000\/svg\" width=\"25\" height=\"32\" viewBox=\"0 0 25 32\" preserveAspectRatio=\"xMidYMid meet\" role=\"graphics-symbol\" aria-hidden=\"true\">\n<path d=\"M22.976 5.44q1.024 1.024 1.504 2.048t0.48 1.536v0.512l-8.064 8.064-9.28 9.216-7.616 1.664 1.6-7.68 9.28-9.216 8.064-8.064q1.728-0.384 4.032 1.92zM7.168 25.92l0.768-0.768q-0.064-1.408-1.664-3.008-0.704-0.704-1.44-1.12t-1.12-0.416l-0.448-0.064-0.704 0.768-0.576 2.56q0.896 0.512 1.472 1.088 0.768 0.768 1.152 1.536z\"><\/path>\n<\/svg><\/span><\/a><\/div><div class='entry-content-wrapper clearfix standard-content'><header class=\"entry-content-header\" aria-label=\"Post: Los gehts\"><h2 class='post-title entry-title '  itemprop=\"headline\" ><a href=\"https:\/\/www.segeljahre.de\/?p=358\" rel=\"bookmark\" title=\"Permanenter Link zu: Los gehts\">Los gehts<span class=\"post-format-icon minor-meta\"><\/span><\/a><\/h2><span class=\"post-meta-infos\"><time class=\"date-container minor-meta updated\"  itemprop=\"datePublished\" datetime=\"2016-09-03T15:52:42+02:00\" >3. September 2016<\/time><span class=\"text-sep\">\/<\/span><span class=\"blog-categories minor-meta\">in <a href=\"https:\/\/www.segeljahre.de\/?cat=14\" rel=\"tag\">2016<\/a>, <a href=\"https:\/\/www.segeljahre.de\/?cat=107\" rel=\"tag\">Amsterdam<\/a>, <a href=\"https:\/\/www.segeljahre.de\/?cat=10\" rel=\"tag\">Belgien<\/a>, <a href=\"https:\/\/www.segeljahre.de\/?cat=109\" rel=\"tag\">Blankenberge<\/a>, <a href=\"https:\/\/www.segeljahre.de\/?cat=89\" rel=\"tag\">Brighton<\/a>, <a href=\"https:\/\/www.segeljahre.de\/?cat=88\" rel=\"tag\">Dover<\/a>, <a href=\"https:\/\/www.segeljahre.de\/?cat=111\" rel=\"tag\">D\u00fcnkirchen<\/a>, <a href=\"https:\/\/www.segeljahre.de\/?cat=8\" rel=\"tag\">England<\/a>, <a href=\"https:\/\/www.segeljahre.de\/?cat=105\" rel=\"tag\">Enkhuizen<\/a>, <a href=\"https:\/\/www.segeljahre.de\/?cat=92\" rel=\"tag\">Falmouth<\/a>, <a href=\"https:\/\/www.segeljahre.de\/?cat=11\" rel=\"tag\">Frankreich<\/a>, <a href=\"https:\/\/www.segeljahre.de\/?cat=9\" rel=\"tag\">Niederlande<\/a>, <a href=\"https:\/\/www.segeljahre.de\/?cat=4\" rel=\"tag\">nOa<\/a>, <a href=\"https:\/\/www.segeljahre.de\/?cat=124\" rel=\"tag\">Stelendam<\/a>, <a href=\"https:\/\/www.segeljahre.de\/?cat=91\" rel=\"tag\">Torquay<\/a><\/span><span class=\"text-sep\">\/<\/span><span class=\"blog-author minor-meta\">von <span class=\"entry-author-link\"  itemprop=\"author\" ><span class=\"author\"><span class=\"fn\"><a href=\"https:\/\/www.segeljahre.de\/?author=4\" title=\"Beitr\u00e4ge von Raz\" rel=\"author\">Raz<\/a><\/span><\/span><\/span><\/span><\/span><\/header><div class=\"entry-content\"  itemprop=\"text\" >\u00dcber Enkhuizen in den Nordseekanal. Leider ist kein richtiger Wind bis nach Enkhuizen, so wird dann der Motor bem\u00fcht. Ab Enkhuizen ist es dann besser und ich kann ein wenig segeln. Dieses Motorgebrumme geht mir ein wenig auf den sender . . .auch wenn es schon wesentlich leiser als bei der RazFaz ist.<div class=\"read-more-link\"><a href=\"https:\/\/www.segeljahre.de\/?p=358\" class=\"more-link\">Weiterlesen<span class='more-link-arrow avia-svg-icon avia-font-svg_entypo-fontello' data-av_svg_icon='right-open-big' data-av_iconset='svg_entypo-fontello'><svg version=\"1.1\" xmlns=\"http:\/\/www.w3.org\/2000\/svg\" width=\"15\" height=\"32\" viewBox=\"0 0 15 32\" preserveAspectRatio=\"xMidYMid meet\" role=\"graphics-symbol\" aria-hidden=\"true\">\n<path d=\"M0.416 27.84l11.456-11.84-11.456-11.904q-0.832-0.832 0-1.536 0.832-0.832 1.536 0l12.544 12.608q0.768 0.832 0 1.6l-12.544 12.608q-0.704 0.832-1.536 0-0.832-0.704 0-1.536z\"><\/path>\n<\/svg><\/span><\/a><\/div><\/div><footer class=\"entry-footer\"><\/footer><div class='post_delimiter'><\/div><\/div><div class=\"post_author_timeline\"><\/div><span class='hidden'>\n\t\t\t\t<span class='av-structured-data'  itemprop=\"image\" itemscope=\"itemscope\" itemtype=\"https:\/\/schema.org\/ImageObject\" >\n\t\t\t\t\t\t<span itemprop='url'>https:\/\/www.segeljahre.de\/wp-content\/uploads\/2016\/09\/Torquay_Falmouth_IMG_0645.jpg<\/span>\n\t\t\t\t\t\t<span itemprop='height'>1440<\/span>\n\t\t\t\t\t\t<span itemprop='width'>1920<\/span>\n\t\t\t\t<\/span>\n\t\t\t\t<span class='av-structured-data'  itemprop=\"publisher\" itemtype=\"https:\/\/schema.org\/Organization\" itemscope=\"itemscope\" >\n\t\t\t\t\t\t<span itemprop='name'>Raz<\/span>\n\t\t\t\t\t\t<span itemprop='logo' itemscope itemtype='https:\/\/schema.org\/ImageObject'>\n\t\t\t\t\t\t\t<span itemprop='url'>https:\/\/www.segeljahre.de\/wp-content\/uploads\/2016\/05\/nOa-logo-web-300x100.png<\/span>\n\t\t\t\t\t\t<\/span>\n\t\t\t\t<\/span><span class='av-structured-data'  itemprop=\"author\" itemscope=\"itemscope\" itemtype=\"https:\/\/schema.org\/Person\" ><span itemprop='name'>Raz<\/span><\/span><span class='av-structured-data'  itemprop=\"datePublished\" datetime=\"2016-09-03T15:52:42+02:00\" >2016-09-03 15:52:42<\/span><span class='av-structured-data'  itemprop=\"dateModified\" itemtype=\"https:\/\/schema.org\/dateModified\" >2019-03-27 15:19:07<\/span><span class='av-structured-data'  itemprop=\"mainEntityOfPage\" itemtype=\"https:\/\/schema.org\/mainEntityOfPage\" ><span itemprop='name'>Los gehts<\/span><\/span><\/span><\/article><article class=\"post-entry post-entry-type-standard post-entry-773 post-loop-2 post-parity-even single-small with-slider post-773 post type-post status-publish format-standard has-post-thumbnail hentry category-12 category-cascais category-dover category-lissabon category-portugal category-razfaz\"  itemscope=\"itemscope\" itemtype=\"https:\/\/schema.org\/BlogPosting\" ><div class=\"blog-meta\"><a href='https:\/\/www.segeljahre.de\/?p=773' class='small-preview'  title=\"Motoreinbau\"   itemprop=\"image\" itemscope=\"itemscope\" itemtype=\"https:\/\/schema.org\/ImageObject\" ><img decoding=\"async\" loading=\"lazy\" width=\"180\" height=\"180\" src=\"https:\/\/www.segeljahre.de\/wp-content\/uploads\/2016\/12\/1_IMG_2936-180x180.jpg\" class=\"wp-image-776 avia-img-lazy-loading-776 attachment-square size-square wp-post-image\" alt=\"Motoreinbau\" srcset=\"https:\/\/www.segeljahre.de\/wp-content\/uploads\/2016\/12\/1_IMG_2936-180x180.jpg 180w, https:\/\/www.segeljahre.de\/wp-content\/uploads\/2016\/12\/1_IMG_2936-80x80.jpg 80w, https:\/\/www.segeljahre.de\/wp-content\/uploads\/2016\/12\/1_IMG_2936-36x36.jpg 36w, https:\/\/www.segeljahre.de\/wp-content\/uploads\/2016\/12\/1_IMG_2936-120x120.jpg 120w, https:\/\/www.segeljahre.de\/wp-content\/uploads\/2016\/12\/1_IMG_2936-450x450.jpg 450w\" sizes=\"auto, (max-width: 180px) 100vw, 180px\" \/><span class='iconfont avia-svg-icon avia-font-svg_entypo-fontello' data-av_svg_icon='pencil' data-av_iconset='svg_entypo-fontello' ><svg version=\"1.1\" xmlns=\"http:\/\/www.w3.org\/2000\/svg\" width=\"25\" height=\"32\" viewBox=\"0 0 25 32\" preserveAspectRatio=\"xMidYMid meet\" role=\"graphics-symbol\" aria-hidden=\"true\">\n<path d=\"M22.976 5.44q1.024 1.024 1.504 2.048t0.48 1.536v0.512l-8.064 8.064-9.28 9.216-7.616 1.664 1.6-7.68 9.28-9.216 8.064-8.064q1.728-0.384 4.032 1.92zM7.168 25.92l0.768-0.768q-0.064-1.408-1.664-3.008-0.704-0.704-1.44-1.12t-1.12-0.416l-0.448-0.064-0.704 0.768-0.576 2.56q0.896 0.512 1.472 1.088 0.768 0.768 1.152 1.536z\"><\/path>\n<\/svg><\/span><\/a><\/div><div class='entry-content-wrapper clearfix standard-content'><header class=\"entry-content-header\" aria-label=\"Post: Cascais &#8211; nichts als warten\"><h2 class='post-title entry-title '  itemprop=\"headline\" ><a href=\"https:\/\/www.segeljahre.de\/?p=773\" rel=\"bookmark\" title=\"Permanenter Link zu: Cascais &#8211; nichts als warten\">Cascais &#8211; nichts als warten<span class=\"post-format-icon minor-meta\"><\/span><\/a><\/h2><span class=\"post-meta-infos\"><time class=\"date-container minor-meta updated\"  itemprop=\"datePublished\" datetime=\"2012-10-15T17:54:52+02:00\" >15. Oktober 2012<\/time><span class=\"text-sep\">\/<\/span><span class=\"blog-categories minor-meta\">in <a href=\"https:\/\/www.segeljahre.de\/?cat=12\" rel=\"tag\">2012<\/a>, <a href=\"https:\/\/www.segeljahre.de\/?cat=123\" rel=\"tag\">Cascais<\/a>, <a href=\"https:\/\/www.segeljahre.de\/?cat=88\" rel=\"tag\">Dover<\/a>, <a href=\"https:\/\/www.segeljahre.de\/?cat=77\" rel=\"tag\">Lissabon<\/a>, <a href=\"https:\/\/www.segeljahre.de\/?cat=7\" rel=\"tag\">Portugal<\/a>, <a href=\"https:\/\/www.segeljahre.de\/?cat=2\" rel=\"tag\">RazFaz<\/a><\/span><span class=\"text-sep\">\/<\/span><span class=\"blog-author minor-meta\">von <span class=\"entry-author-link\"  itemprop=\"author\" ><span class=\"author\"><span class=\"fn\"><a href=\"https:\/\/www.segeljahre.de\/?author=4\" title=\"Beitr\u00e4ge von Raz\" rel=\"author\">Raz<\/a><\/span><\/span><\/span><\/span><\/span><\/header><div class=\"entry-content\"  itemprop=\"text\" ><p>Wobei preiswert ist das hier in der Hochsaison nicht. Jeder der in Lissabon Geld hat, hat ein Schiff oder ein Haus, oder beides in Cascais. Ich habe noch nie eine so hohe f\u00fcnf Sterne Hoteldichte gesehen wie an dieser K\u00fcste.<\/p>\n<div class=\"read-more-link\"><a href=\"https:\/\/www.segeljahre.de\/?p=773\" class=\"more-link\">Weiterlesen<span class='more-link-arrow avia-svg-icon avia-font-svg_entypo-fontello' data-av_svg_icon='right-open-big' data-av_iconset='svg_entypo-fontello'><svg version=\"1.1\" xmlns=\"http:\/\/www.w3.org\/2000\/svg\" width=\"15\" height=\"32\" viewBox=\"0 0 15 32\" preserveAspectRatio=\"xMidYMid meet\" role=\"graphics-symbol\" aria-hidden=\"true\">\n<path d=\"M0.416 27.84l11.456-11.84-11.456-11.904q-0.832-0.832 0-1.536 0.832-0.832 1.536 0l12.544 12.608q0.768 0.832 0 1.6l-12.544 12.608q-0.704 0.832-1.536 0-0.832-0.704 0-1.536z\"><\/path>\n<\/svg><\/span><\/a><\/div>\n<\/div><footer class=\"entry-footer\"><\/footer><div class='post_delimiter'><\/div><\/div><div class=\"post_author_timeline\"><\/div><span class='hidden'>\n\t\t\t\t<span class='av-structured-data'  itemprop=\"image\" itemscope=\"itemscope\" itemtype=\"https:\/\/schema.org\/ImageObject\" >\n\t\t\t\t\t\t<span itemprop='url'>https:\/\/www.segeljahre.de\/wp-content\/uploads\/2016\/12\/1_IMG_2936.jpg<\/span>\n\t\t\t\t\t\t<span itemprop='height'>1440<\/span>\n\t\t\t\t\t\t<span itemprop='width'>1920<\/span>\n\t\t\t\t<\/span>\n\t\t\t\t<span class='av-structured-data'  itemprop=\"publisher\" itemtype=\"https:\/\/schema.org\/Organization\" itemscope=\"itemscope\" >\n\t\t\t\t\t\t<span itemprop='name'>Raz<\/span>\n\t\t\t\t\t\t<span itemprop='logo' itemscope itemtype='https:\/\/schema.org\/ImageObject'>\n\t\t\t\t\t\t\t<span itemprop='url'>https:\/\/www.segeljahre.de\/wp-content\/uploads\/2016\/05\/nOa-logo-web-300x100.png<\/span>\n\t\t\t\t\t\t<\/span>\n\t\t\t\t<\/span><span class='av-structured-data'  itemprop=\"author\" itemscope=\"itemscope\" itemtype=\"https:\/\/schema.org\/Person\" ><span itemprop='name'>Raz<\/span><\/span><span class='av-structured-data'  itemprop=\"datePublished\" datetime=\"2012-10-15T17:54:52+02:00\" >2012-10-15 17:54:52<\/span><span class='av-structured-data'  itemprop=\"dateModified\" itemtype=\"https:\/\/schema.org\/dateModified\" >2019-03-27 15:26:37<\/span><span class='av-structured-data'  itemprop=\"mainEntityOfPage\" itemtype=\"https:\/\/schema.org\/mainEntityOfPage\" ><span itemprop='name'>Cascais &#8211; nichts als warten<\/span><\/span><\/span><\/article><article class=\"post-entry post-entry-type-standard post-entry-7 post-loop-3 post-parity-odd single-small with-slider post-7 post type-post status-publish format-standard has-post-thumbnail hentry category-12 category-brighton category-dover category-england category-falmouth category-poole category-razfaz\"  itemscope=\"itemscope\" itemtype=\"https:\/\/schema.org\/BlogPosting\" ><div class=\"blog-meta\"><a href='https:\/\/www.segeljahre.de\/?p=7' class='small-preview'  title=\"Sonnenuntergang\"   itemprop=\"image\" itemscope=\"itemscope\" itemtype=\"https:\/\/schema.org\/ImageObject\" ><img decoding=\"async\" loading=\"lazy\" width=\"180\" height=\"135\" src=\"https:\/\/www.segeljahre.de\/wp-content\/uploads\/2016\/04\/razfaz_England4-1.jpg\" class=\"wp-image-97 avia-img-lazy-loading-97 attachment-square size-square wp-post-image\" alt=\"Sonnenuntergang\" srcset=\"https:\/\/www.segeljahre.de\/wp-content\/uploads\/2016\/04\/razfaz_England4-1.jpg 1024w, https:\/\/www.segeljahre.de\/wp-content\/uploads\/2016\/04\/razfaz_England4-1-300x225.jpg 300w, https:\/\/www.segeljahre.de\/wp-content\/uploads\/2016\/04\/razfaz_England4-1-768x576.jpg 768w\" sizes=\"auto, (max-width: 180px) 100vw, 180px\" \/><span class='iconfont avia-svg-icon avia-font-svg_entypo-fontello' data-av_svg_icon='pencil' data-av_iconset='svg_entypo-fontello' ><svg version=\"1.1\" xmlns=\"http:\/\/www.w3.org\/2000\/svg\" width=\"25\" height=\"32\" viewBox=\"0 0 25 32\" preserveAspectRatio=\"xMidYMid meet\" role=\"graphics-symbol\" aria-hidden=\"true\">\n<path d=\"M22.976 5.44q1.024 1.024 1.504 2.048t0.48 1.536v0.512l-8.064 8.064-9.28 9.216-7.616 1.664 1.6-7.68 9.28-9.216 8.064-8.064q1.728-0.384 4.032 1.92zM7.168 25.92l0.768-0.768q-0.064-1.408-1.664-3.008-0.704-0.704-1.44-1.12t-1.12-0.416l-0.448-0.064-0.704 0.768-0.576 2.56q0.896 0.512 1.472 1.088 0.768 0.768 1.152 1.536z\"><\/path>\n<\/svg><\/span><\/a><\/div><div class='entry-content-wrapper clearfix standard-content'><header class=\"entry-content-header\" aria-label=\"Post: S\u00fcdk\u00fcste Englands\"><h2 class='post-title entry-title '  itemprop=\"headline\" ><a href=\"https:\/\/www.segeljahre.de\/?p=7\" rel=\"bookmark\" title=\"Permanenter Link zu: S\u00fcdk\u00fcste Englands\">S\u00fcdk\u00fcste Englands<span class=\"post-format-icon minor-meta\"><\/span><\/a><\/h2><span class=\"post-meta-infos\"><time class=\"date-container minor-meta updated\"  itemprop=\"datePublished\" datetime=\"2012-08-10T15:44:00+02:00\" >10. August 2012<\/time><span class=\"text-sep\">\/<\/span><span class=\"blog-categories minor-meta\">in <a href=\"https:\/\/www.segeljahre.de\/?cat=12\" rel=\"tag\">2012<\/a>, <a href=\"https:\/\/www.segeljahre.de\/?cat=89\" rel=\"tag\">Brighton<\/a>, <a href=\"https:\/\/www.segeljahre.de\/?cat=88\" rel=\"tag\">Dover<\/a>, <a href=\"https:\/\/www.segeljahre.de\/?cat=8\" rel=\"tag\">England<\/a>, <a href=\"https:\/\/www.segeljahre.de\/?cat=92\" rel=\"tag\">Falmouth<\/a>, <a href=\"https:\/\/www.segeljahre.de\/?cat=90\" rel=\"tag\">Poole<\/a>, <a href=\"https:\/\/www.segeljahre.de\/?cat=2\" rel=\"tag\">RazFaz<\/a><\/span><span class=\"text-sep\">\/<\/span><span class=\"blog-author minor-meta\">von <span class=\"entry-author-link\"  itemprop=\"author\" ><span class=\"author\"><span class=\"fn\"><a href=\"https:\/\/www.segeljahre.de\/?author=4\" title=\"Beitr\u00e4ge von Raz\" rel=\"author\">Raz<\/a><\/span><\/span><\/span><\/span><\/span><\/header><div class=\"entry-content\"  itemprop=\"text\" ><p>Ja, das Boot das Aus- und direkt wieder  eingelaufen ist liegt dann auch noch am gleichen Steg wie ich  .. Susie und Billy supernett die beiden kennengelernt zu haben. Jetzt muss ich aber erst einmal zum Hafenb\u00fcro das Boot anmelden, ich hoffe das ist nicht ganz so teuer hier . . . leider get\u00e4uscht . . .die Engl\u00e4nder wissen schon wie sie ans Geld kommen . . .<\/p>\n<div class=\"read-more-link\"><a href=\"https:\/\/www.segeljahre.de\/?p=7\" class=\"more-link\">Weiterlesen<span class='more-link-arrow avia-svg-icon avia-font-svg_entypo-fontello' data-av_svg_icon='right-open-big' data-av_iconset='svg_entypo-fontello'><svg version=\"1.1\" xmlns=\"http:\/\/www.w3.org\/2000\/svg\" width=\"15\" height=\"32\" viewBox=\"0 0 15 32\" preserveAspectRatio=\"xMidYMid meet\" role=\"graphics-symbol\" aria-hidden=\"true\">\n<path d=\"M0.416 27.84l11.456-11.84-11.456-11.904q-0.832-0.832 0-1.536 0.832-0.832 1.536 0l12.544 12.608q0.768 0.832 0 1.6l-12.544 12.608q-0.704 0.832-1.536 0-0.832-0.704 0-1.536z\"><\/path>\n<\/svg><\/span><\/a><\/div>\n<\/div><footer class=\"entry-footer\"><\/footer><div class='post_delimiter'><\/div><\/div><div class=\"post_author_timeline\"><\/div><span class='hidden'>\n\t\t\t\t<span class='av-structured-data'  itemprop=\"image\" itemscope=\"itemscope\" itemtype=\"https:\/\/schema.org\/ImageObject\" >\n\t\t\t\t\t\t<span itemprop='url'>https:\/\/www.segeljahre.de\/wp-content\/uploads\/2016\/04\/razfaz_England4-1.jpg<\/span>\n\t\t\t\t\t\t<span itemprop='height'>768<\/span>\n\t\t\t\t\t\t<span itemprop='width'>1024<\/span>\n\t\t\t\t<\/span>\n\t\t\t\t<span class='av-structured-data'  itemprop=\"publisher\" itemtype=\"https:\/\/schema.org\/Organization\" itemscope=\"itemscope\" >\n\t\t\t\t\t\t<span itemprop='name'>Raz<\/span>\n\t\t\t\t\t\t<span itemprop='logo' itemscope itemtype='https:\/\/schema.org\/ImageObject'>\n\t\t\t\t\t\t\t<span itemprop='url'>https:\/\/www.segeljahre.de\/wp-content\/uploads\/2016\/05\/nOa-logo-web-300x100.png<\/span>\n\t\t\t\t\t\t<\/span>\n\t\t\t\t<\/span><span class='av-structured-data'  itemprop=\"author\" itemscope=\"itemscope\" itemtype=\"https:\/\/schema.org\/Person\" ><span itemprop='name'>Raz<\/span><\/span><span class='av-structured-data'  itemprop=\"datePublished\" datetime=\"2012-08-10T15:44:00+02:00\" >2012-08-10 15:44:00<\/span><span class='av-structured-data'  itemprop=\"dateModified\" itemtype=\"https:\/\/schema.org\/dateModified\" >2019-03-27 15:23:54<\/span><span class='av-structured-data'  itemprop=\"mainEntityOfPage\" itemtype=\"https:\/\/schema.org\/mainEntityOfPage\" ><span itemprop='name'>S\u00fcdk\u00fcste Englands<\/span><\/span><\/span><\/article><article class=\"post-entry post-entry-type-standard post-entry-8 post-loop-4 post-parity-even post-entry-last single-small with-slider post-8 post type-post status-publish format-standard has-post-thumbnail hentry category-12 category-belgien category-blankenberge category-dover category-duenkirchen category-england category-frankreich category-neltje-jans category-niederlande category-niewpoort category-razfaz category-stelendam\"  itemscope=\"itemscope\" itemtype=\"https:\/\/schema.org\/BlogPosting\" ><div class=\"blog-meta\"><a href='https:\/\/www.segeljahre.de\/?p=8' class='small-preview'  title=\"Raz Selbstportrait\"   itemprop=\"image\" itemscope=\"itemscope\" itemtype=\"https:\/\/schema.org\/ImageObject\" ><img decoding=\"async\" loading=\"lazy\" width=\"180\" height=\"135\" src=\"https:\/\/www.segeljahre.de\/wp-content\/uploads\/2016\/04\/razfaz_IMG_2474-1.jpg\" class=\"wp-image-118 avia-img-lazy-loading-118 attachment-square size-square wp-post-image\" alt=\"Raz Selbstportrait\" srcset=\"https:\/\/www.segeljahre.de\/wp-content\/uploads\/2016\/04\/razfaz_IMG_2474-1.jpg 1024w, https:\/\/www.segeljahre.de\/wp-content\/uploads\/2016\/04\/razfaz_IMG_2474-1-300x225.jpg 300w, https:\/\/www.segeljahre.de\/wp-content\/uploads\/2016\/04\/razfaz_IMG_2474-1-768x576.jpg 768w\" sizes=\"auto, (max-width: 180px) 100vw, 180px\" \/><span class='iconfont avia-svg-icon avia-font-svg_entypo-fontello' data-av_svg_icon='pencil' data-av_iconset='svg_entypo-fontello' ><svg version=\"1.1\" xmlns=\"http:\/\/www.w3.org\/2000\/svg\" width=\"25\" height=\"32\" viewBox=\"0 0 25 32\" preserveAspectRatio=\"xMidYMid meet\" role=\"graphics-symbol\" aria-hidden=\"true\">\n<path d=\"M22.976 5.44q1.024 1.024 1.504 2.048t0.48 1.536v0.512l-8.064 8.064-9.28 9.216-7.616 1.664 1.6-7.68 9.28-9.216 8.064-8.064q1.728-0.384 4.032 1.92zM7.168 25.92l0.768-0.768q-0.064-1.408-1.664-3.008-0.704-0.704-1.44-1.12t-1.12-0.416l-0.448-0.064-0.704 0.768-0.576 2.56q0.896 0.512 1.472 1.088 0.768 0.768 1.152 1.536z\"><\/path>\n<\/svg><\/span><\/a><\/div><div class='entry-content-wrapper clearfix standard-content'><header class=\"entry-content-header\" aria-label=\"Post: Nordsee und Kanalquerung\"><h2 class='post-title entry-title '  itemprop=\"headline\" ><a href=\"https:\/\/www.segeljahre.de\/?p=8\" rel=\"bookmark\" title=\"Permanenter Link zu: Nordsee und Kanalquerung\">Nordsee und Kanalquerung<span class=\"post-format-icon minor-meta\"><\/span><\/a><\/h2><span class=\"post-meta-infos\"><time class=\"date-container minor-meta updated\"  itemprop=\"datePublished\" datetime=\"2012-08-04T16:58:00+02:00\" >4. August 2012<\/time><span class=\"text-sep\">\/<\/span><span class=\"blog-categories minor-meta\">in <a href=\"https:\/\/www.segeljahre.de\/?cat=12\" rel=\"tag\">2012<\/a>, <a href=\"https:\/\/www.segeljahre.de\/?cat=10\" rel=\"tag\">Belgien<\/a>, <a href=\"https:\/\/www.segeljahre.de\/?cat=109\" rel=\"tag\">Blankenberge<\/a>, <a href=\"https:\/\/www.segeljahre.de\/?cat=88\" rel=\"tag\">Dover<\/a>, <a href=\"https:\/\/www.segeljahre.de\/?cat=111\" rel=\"tag\">D\u00fcnkirchen<\/a>, <a href=\"https:\/\/www.segeljahre.de\/?cat=8\" rel=\"tag\">England<\/a>, <a href=\"https:\/\/www.segeljahre.de\/?cat=11\" rel=\"tag\">Frankreich<\/a>, <a href=\"https:\/\/www.segeljahre.de\/?cat=108\" rel=\"tag\">Neltje Jans<\/a>, <a href=\"https:\/\/www.segeljahre.de\/?cat=9\" rel=\"tag\">Niederlande<\/a>, <a href=\"https:\/\/www.segeljahre.de\/?cat=110\" rel=\"tag\">Niewpoort<\/a>, <a href=\"https:\/\/www.segeljahre.de\/?cat=2\" rel=\"tag\">RazFaz<\/a>, <a href=\"https:\/\/www.segeljahre.de\/?cat=124\" rel=\"tag\">Stelendam<\/a><\/span><span class=\"text-sep\">\/<\/span><span class=\"blog-author minor-meta\">von <span class=\"entry-author-link\"  itemprop=\"author\" ><span class=\"author\"><span class=\"fn\"><a href=\"https:\/\/www.segeljahre.de\/?author=4\" title=\"Beitr\u00e4ge von Raz\" rel=\"author\">Raz<\/a><\/span><\/span><\/span><\/span><\/span><\/header><div class=\"entry-content\"  itemprop=\"text\" ><p>Mittlerweile liegen wir schon im P\u00e4ckchen dort und harren alle besseren Wetters, in zwei Tagen soll es soweit sein . . . Angesagt sind dann maximal BFT 5, aber aus Ost, das w\u00fcrde bedeuten, das ich zumindest mal einen Tag ohne zu kreuzen den n\u00e4chsten Hafen anlaufen k\u00f6nnte.<\/p>\n<div class=\"read-more-link\"><a href=\"https:\/\/www.segeljahre.de\/?p=8\" class=\"more-link\">Weiterlesen<span class='more-link-arrow avia-svg-icon avia-font-svg_entypo-fontello' data-av_svg_icon='right-open-big' data-av_iconset='svg_entypo-fontello'><svg version=\"1.1\" xmlns=\"http:\/\/www.w3.org\/2000\/svg\" width=\"15\" height=\"32\" viewBox=\"0 0 15 32\" preserveAspectRatio=\"xMidYMid meet\" role=\"graphics-symbol\" aria-hidden=\"true\">\n<path d=\"M0.416 27.84l11.456-11.84-11.456-11.904q-0.832-0.832 0-1.536 0.832-0.832 1.536 0l12.544 12.608q0.768 0.832 0 1.6l-12.544 12.608q-0.704 0.832-1.536 0-0.832-0.704 0-1.536z\"><\/path>\n<\/svg><\/span><\/a><\/div>\n<\/div><footer class=\"entry-footer\"><\/footer><div class='post_delimiter'><\/div><\/div><div class=\"post_author_timeline\"><\/div><span class='hidden'>\n\t\t\t\t<span class='av-structured-data'  itemprop=\"image\" itemscope=\"itemscope\" itemtype=\"https:\/\/schema.org\/ImageObject\" >\n\t\t\t\t\t\t<span itemprop='url'>https:\/\/www.segeljahre.de\/wp-content\/uploads\/2016\/04\/razfaz_IMG_2474-1.jpg<\/span>\n\t\t\t\t\t\t<span itemprop='height'>768<\/span>\n\t\t\t\t\t\t<span itemprop='width'>1024<\/span>\n\t\t\t\t<\/span>\n\t\t\t\t<span class='av-structured-data'  itemprop=\"publisher\" itemtype=\"https:\/\/schema.org\/Organization\" itemscope=\"itemscope\" >\n\t\t\t\t\t\t<span itemprop='name'>Raz<\/span>\n\t\t\t\t\t\t<span itemprop='logo' itemscope itemtype='https:\/\/schema.org\/ImageObject'>\n\t\t\t\t\t\t\t<span itemprop='url'>https:\/\/www.segeljahre.de\/wp-content\/uploads\/2016\/05\/nOa-logo-web-300x100.png<\/span>\n\t\t\t\t\t\t<\/span>\n\t\t\t\t<\/span><span class='av-structured-data'  itemprop=\"author\" itemscope=\"itemscope\" itemtype=\"https:\/\/schema.org\/Person\" ><span itemprop='name'>Raz<\/span><\/span><span class='av-structured-data'  itemprop=\"datePublished\" datetime=\"2012-08-04T16:58:00+02:00\" >2012-08-04 16:58:00<\/span><span class='av-structured-data'  itemprop=\"dateModified\" itemtype=\"https:\/\/schema.org\/dateModified\" >2019-03-27 15:30:29<\/span><span class='av-structured-data'  itemprop=\"mainEntityOfPage\" itemtype=\"https:\/\/schema.org\/mainEntityOfPage\" ><span itemprop='name'>Nordsee und Kanalquerung<\/span><\/span><\/span><\/article><div class='single-small'><\/div><\/div>\n\n<style type=\"text\/css\" data-created_by=\"avia_inline_auto\" id=\"style-css-av-jtvd3ggr-292fc8efb915d74b47b14af8198f79d0\">\n#top .av-special-heading.av-jtvd3ggr-292fc8efb915d74b47b14af8198f79d0{\npadding-bottom:10px;\n}\nbody .av-special-heading.av-jtvd3ggr-292fc8efb915d74b47b14af8198f79d0 .av-special-heading-tag .heading-char{\nfont-size:25px;\n}\n.av-special-heading.av-jtvd3ggr-292fc8efb915d74b47b14af8198f79d0 .av-subheading{\nfont-size:15px;\n}\n<\/style>\n<div  class='av-special-heading av-jtvd3ggr-292fc8efb915d74b47b14af8198f79d0 av-special-heading-h3  avia-builder-el-0  el_before_av_textblock  avia-builder-el-first '><h3 class='av-special-heading-tag '  itemprop=\"headline\"  >Weiterf\u00fchrende Links<\/h3><div class=\"special-heading-border\"><div class=\"special-heading-inner-border\"><\/div><\/div><\/div>\n<div  class='avia-icon-list-container av-7k8h8e-71e9be07f30a031579ac91588886bd2c'><ul class='avia-icon-list avia_animate_when_almost_visible avia-icon-list-left av-iconlist-big av-7k8h8e-71e9be07f30a031579ac91588886bd2c avia-iconlist-animate'>\n<li><a href='https:\/\/en.wikipedia.org\/wiki\/Dover' title='Wikipedia'  target=\"_blank\"  rel=\"noopener noreferrer\" class='iconlist_icon av-av_iconlist_item-90001ae50c14a0daf61d05c180a91b78 avia-font-entypo-fontello avia-iconfont avia-font-entypo-fontello'><span class='av-icon-char' data-av_icon='\ue81f' data-av_iconfont='entypo-fontello' aria-hidden=\"true\"><\/span><\/a><article class=\"article-icon-entry av-iconlist-empty\"  itemscope=\"itemscope\" itemtype=\"https:\/\/schema.org\/BlogPosting\" itemprop=\"blogPost\" ><div class=\"iconlist_content_wrap\"><header class=\"entry-content-header\" aria-label=\"Icon: &lt;a href=&#039;https:\/\/en.wikipedia.org\/wiki\/Dover&#039; title=&#039;Wikipedia&#039; target=&quot;_blank&quot;  rel=&quot;noopener noreferrer&quot;&gt;Wikipedia&lt;\/a&gt;\"><h4 class='av_iconlist_title iconlist_title  '  itemprop=\"headline\" ><a href='https:\/\/en.wikipedia.org\/wiki\/Dover' title='Wikipedia' target=\"_blank\"  rel=\"noopener noreferrer\">Wikipedia<\/a><\/h4><\/header><div class='iconlist_content '  itemprop=\"text\" ><\/div><\/div><footer class=\"entry-footer\"><\/footer><\/article><div class=\"iconlist-timeline\"><\/div><\/li>\n<li><a href='https:\/\/www.noonsite.com\/Countries\/UnitedKingdom\/Dover' title='Noonsite'  target=\"_blank\"  rel=\"noopener noreferrer\" class='iconlist_icon av-av_iconlist_item-833c0638a2c522564f51857a93fcca45 avia-font-entypo-fontello avia-iconfont avia-font-entypo-fontello'><span class='av-icon-char' data-av_icon='\ue81f' data-av_iconfont='entypo-fontello' aria-hidden=\"true\"><\/span><\/a><article class=\"article-icon-entry av-iconlist-empty\"  itemscope=\"itemscope\" itemtype=\"https:\/\/schema.org\/BlogPosting\" itemprop=\"blogPost\" ><div class=\"iconlist_content_wrap\"><header class=\"entry-content-header\" aria-label=\"Icon: &lt;a href=&#039;https:\/\/www.noonsite.com\/Countries\/UnitedKingdom\/Dover&#039; title=&#039;Noonsite&#039; target=&quot;_blank&quot;  rel=&quot;noopener noreferrer&quot;&gt;Noonsite&lt;\/a&gt;\"><h4 class='av_iconlist_title iconlist_title  '  itemprop=\"headline\" ><a href='https:\/\/www.noonsite.com\/Countries\/UnitedKingdom\/Dover' title='Noonsite' target=\"_blank\"  rel=\"noopener noreferrer\">Noonsite<\/a><\/h4><\/header><div class='iconlist_content '  itemprop=\"text\" ><\/div><\/div><footer class=\"entry-footer\"><\/footer><\/article><div class=\"iconlist-timeline\"><\/div><\/li>\n<li><a href='http:\/\/www.cruiserswiki.org\/wiki\/Dover' title='Cruiserswiki'  target=\"_blank\"  rel=\"noopener noreferrer\" class='iconlist_icon av-av_iconlist_item-7145177006ca9b8bab0ea7ee835616ef avia-font-entypo-fontello avia-iconfont avia-font-entypo-fontello'><span class='av-icon-char' data-av_icon='\ue81f' data-av_iconfont='entypo-fontello' aria-hidden=\"true\"><\/span><\/a><article class=\"article-icon-entry av-iconlist-empty\"  itemscope=\"itemscope\" itemtype=\"https:\/\/schema.org\/BlogPosting\" itemprop=\"blogPost\" ><div class=\"iconlist_content_wrap\"><header class=\"entry-content-header\" aria-label=\"Icon: &lt;a href=&#039;http:\/\/www.cruiserswiki.org\/wiki\/Dover&#039; title=&#039;Cruiserswiki&#039; target=&quot;_blank&quot;  rel=&quot;noopener noreferrer&quot;&gt;Cruiserswiki&lt;\/a&gt;\"><h4 class='av_iconlist_title iconlist_title  '  itemprop=\"headline\" ><a href='http:\/\/www.cruiserswiki.org\/wiki\/Dover' title='Cruiserswiki' target=\"_blank\"  rel=\"noopener noreferrer\">Cruiserswiki<\/a><\/h4><\/header><div class='iconlist_content '  itemprop=\"text\" ><\/div><\/div><footer class=\"entry-footer\"><\/footer><\/article><div class=\"iconlist-timeline\"><\/div><\/li>\n<\/ul><\/div>\n","protected":false},"excerpt":{"rendered":"<p>Anmelden per Funk bei der Port Control ist Pflicht, geht aber auch einfach von der Lippe. . . .<\/p>\n","protected":false},"author":0,"featured_media":366,"comment_status":"closed","ping_status":"closed","template":"","meta":{"footnotes":""},"tags":[],"portfolio_entries":[23,20,29,19],"class_list":["post-1134","portfolio","type-portfolio","status-publish","has-post-thumbnail","hentry","portfolio_entries-23","portfolio_entries-20","portfolio_entries-england","portfolio_entries-hafenbeschreibungen"],"aioseo_notices":[],"_links":{"self":[{"href":"https:\/\/www.segeljahre.de\/index.php?rest_route=\/wp\/v2\/portfolio\/1134","targetHints":{"allow":["GET"]}}],"collection":[{"href":"https:\/\/www.segeljahre.de\/index.php?rest_route=\/wp\/v2\/portfolio"}],"about":[{"href":"https:\/\/www.segeljahre.de\/index.php?rest_route=\/wp\/v2\/types\/portfolio"}],"replies":[{"embeddable":true,"href":"https:\/\/www.segeljahre.de\/index.php?rest_route=%2Fwp%2Fv2%2Fcomments&post=1134"}],"version-history":[{"count":3,"href":"https:\/\/www.segeljahre.de\/index.php?rest_route=\/wp\/v2\/portfolio\/1134\/revisions"}],"predecessor-version":[{"id":2865,"href":"https:\/\/www.segeljahre.de\/index.php?rest_route=\/wp\/v2\/portfolio\/1134\/revisions\/2865"}],"wp:featuredmedia":[{"embeddable":true,"href":"https:\/\/www.segeljahre.de\/index.php?rest_route=\/wp\/v2\/media\/366"}],"wp:attachment":[{"href":"https:\/\/www.segeljahre.de\/index.php?rest_route=%2Fwp%2Fv2%2Fmedia&parent=1134"}],"wp:term":[{"taxonomy":"post_tag","embeddable":true,"href":"https:\/\/www.segeljahre.de\/index.php?rest_route=%2Fwp%2Fv2%2Ftags&post=1134"},{"taxonomy":"portfolio_entries","embeddable":true,"href":"https:\/\/www.segeljahre.de\/index.php?rest_route=%2Fwp%2Fv2%2Fportfolio_entries&post=1134"}],"curies":[{"name":"wp","href":"https:\/\/api.w.org\/{rel}","templated":true}]}}