{"id":1458,"date":"2017-11-06T16:40:21","date_gmt":"2017-11-06T16:40:21","guid":{"rendered":"http:\/\/www.segeljahre.de\/?post_type=portfolio&#038;p=1458"},"modified":"2019-03-28T13:07:00","modified_gmt":"2019-03-28T12:07:00","slug":"1458","status":"publish","type":"portfolio","link":"https:\/\/www.segeljahre.de\/?portfolio=1458","title":{"rendered":"Vila Real de Santo Antonio &#8211; 2017"},"content":{"rendered":"\n<style type=\"text\/css\" data-created_by=\"avia_inline_auto\" id=\"style-css-av-av_heading-e8b0a4fbcfd3261d3fa089d3add26a93\">\n#top .av-special-heading.av-av_heading-e8b0a4fbcfd3261d3fa089d3add26a93{\npadding-bottom:10px;\n}\nbody .av-special-heading.av-av_heading-e8b0a4fbcfd3261d3fa089d3add26a93 .av-special-heading-tag .heading-char{\nfont-size:25px;\n}\n.av-special-heading.av-av_heading-e8b0a4fbcfd3261d3fa089d3add26a93 .av-subheading{\nfont-size:15px;\n}\n<\/style>\n<div  class='av-special-heading av-av_heading-e8b0a4fbcfd3261d3fa089d3add26a93 av-special-heading-h3  avia-builder-el-0  el_before_av_textblock  avia-builder-el-first '><h3 class='av-special-heading-tag '  itemprop=\"headline\"  >Vila Real de Santo Antonio &#8211; 2017<\/h3><div class=\"special-heading-border\"><div class=\"special-heading-inner-border\"><\/div><\/div><\/div>\n<section  class='av_textblock_section av-6v6zs2-1329d9ddcadd99206171208d165ee51b '   itemscope=\"itemscope\" itemtype=\"https:\/\/schema.org\/CreativeWork\" ><div class='avia_textblock'  itemprop=\"text\" ><p>Auch hier ist es eigentlich nur bei Hochwasser und ohne Schwell ein gutes und sicheres Einlaufen m\u00f6glich. Die Betonnung liegt auch nicht immer richtig, es ist daher ein Einlaufen nur mit Tiefenmesser m\u00f6glich. Auch hier bietet es sich an, einfach einem Fischer zu folgen. GGF aber per Funk absprechen, die haben ja nicht einen richtigen Tiefgang. In jedem Fall nach freien Liegepl\u00e4tzen vorher fragen. Es ist nicht immer etwas frei. Der Ort ist schon ganz nett. Viel ruhiger Strand, auch auf der Spanischen Seite. Kulturell ist hier aber tote Hose. Um ein paar Tage auszuspannen ganz nett.<\/p>\n<p>Der lange Au\u00dfensteg kostet 20 % mehr als die Liegepl\u00e4tze innen. Strom kommt auch noch mal extra. Und wer nach 12 ablegt muss den ganzen n\u00e4chsten Tag bezahlen und das in einem Tidengew\u00e4sser. Das fand ich frech.<\/p>\n<p>Ich muss hier nicht mehr hinkommen.<\/p>\n<\/div><\/section>\n\n<style type=\"text\/css\" data-created_by=\"avia_inline_auto\" id=\"style-css-av-av_heading-462655e0de817d59c54e704f2ea22aca\">\n#top .av-special-heading.av-av_heading-462655e0de817d59c54e704f2ea22aca{\npadding-bottom:10px;\n}\nbody .av-special-heading.av-av_heading-462655e0de817d59c54e704f2ea22aca .av-special-heading-tag .heading-char{\nfont-size:25px;\n}\n.av-special-heading.av-av_heading-462655e0de817d59c54e704f2ea22aca .av-subheading{\nfont-size:15px;\n}\n<\/style>\n<div  class='av-special-heading av-av_heading-462655e0de817d59c54e704f2ea22aca av-special-heading-h3  avia-builder-el-2  el_after_av_textblock  el_before_av_blog '><h3 class='av-special-heading-tag '  itemprop=\"headline\"  >Verlinkte Posts<\/h3><div class=\"special-heading-border\"><div class=\"special-heading-inner-border\"><\/div><\/div><\/div>\n<div  class='av-alb-blogposts template-blog  '  itemscope=\"itemscope\" itemtype=\"https:\/\/schema.org\/Blog\" ><article class=\"post-entry post-entry-type-standard post-entry-1435 post-loop-1 post-parity-odd post-entry-last single-small with-slider post-1435 post type-post status-publish format-standard has-post-thumbnail hentry category-38 category-algeciras category-barbate category-cadiz category-chipiona category-england category-gibraltar category-huelva category-la-linea category-lissabon category-mazagon category-noa category-portugal category-punta-umbria category-rota category-seixal category-sesimbra category-spanien category-vila-real-de-santo-antonio\"  itemscope=\"itemscope\" itemtype=\"https:\/\/schema.org\/BlogPosting\" ><div class=\"blog-meta\"><a href='https:\/\/www.segeljahre.de\/?p=1435' class='small-preview'  title=\"Street Art\"   itemprop=\"image\" itemscope=\"itemscope\" itemtype=\"https:\/\/schema.org\/ImageObject\" ><img decoding=\"async\" loading=\"lazy\" width=\"180\" height=\"180\" src=\"https:\/\/www.segeljahre.de\/wp-content\/uploads\/2017\/11\/DSC05567-180x180.jpg\" class=\"wp-image-1505 avia-img-lazy-loading-1505 attachment-square size-square wp-post-image\" alt=\"\" srcset=\"https:\/\/www.segeljahre.de\/wp-content\/uploads\/2017\/11\/DSC05567-180x180.jpg 180w, https:\/\/www.segeljahre.de\/wp-content\/uploads\/2017\/11\/DSC05567-80x80.jpg 80w, https:\/\/www.segeljahre.de\/wp-content\/uploads\/2017\/11\/DSC05567-36x36.jpg 36w, https:\/\/www.segeljahre.de\/wp-content\/uploads\/2017\/11\/DSC05567-120x120.jpg 120w, https:\/\/www.segeljahre.de\/wp-content\/uploads\/2017\/11\/DSC05567-450x450.jpg 450w\" sizes=\"auto, (max-width: 180px) 100vw, 180px\" \/><span class='iconfont avia-svg-icon avia-font-svg_entypo-fontello' data-av_svg_icon='pencil' data-av_iconset='svg_entypo-fontello' ><svg version=\"1.1\" xmlns=\"http:\/\/www.w3.org\/2000\/svg\" width=\"25\" height=\"32\" viewBox=\"0 0 25 32\" preserveAspectRatio=\"xMidYMid meet\" role=\"graphics-symbol\" aria-hidden=\"true\">\n<path d=\"M22.976 5.44q1.024 1.024 1.504 2.048t0.48 1.536v0.512l-8.064 8.064-9.28 9.216-7.616 1.664 1.6-7.68 9.28-9.216 8.064-8.064q1.728-0.384 4.032 1.92zM7.168 25.92l0.768-0.768q-0.064-1.408-1.664-3.008-0.704-0.704-1.44-1.12t-1.12-0.416l-0.448-0.064-0.704 0.768-0.576 2.56q0.896 0.512 1.472 1.088 0.768 0.768 1.152 1.536z\"><\/path>\n<\/svg><\/span><\/a><\/div><div class='entry-content-wrapper clearfix standard-content'><header class=\"entry-content-header\" aria-label=\"Post: Zur\u00fcck nach Spanien &#8211; Winterlager in Portugal\"><h2 class='post-title entry-title '  itemprop=\"headline\" ><a href=\"https:\/\/www.segeljahre.de\/?p=1435\" rel=\"bookmark\" title=\"Permanenter Link zu: Zur\u00fcck nach Spanien &#8211; Winterlager in Portugal\">Zur\u00fcck nach Spanien &#8211; Winterlager in Portugal<span class=\"post-format-icon minor-meta\"><\/span><\/a><\/h2><span class=\"post-meta-infos\"><time class=\"date-container minor-meta updated\"  itemprop=\"datePublished\" datetime=\"2017-11-15T17:36:36+01:00\" >15. November 2017<\/time><span class=\"text-sep\">\/<\/span><span class=\"blog-categories minor-meta\">in <a href=\"https:\/\/www.segeljahre.de\/?cat=38\" rel=\"tag\">2017<\/a>, <a href=\"https:\/\/www.segeljahre.de\/?cat=71\" rel=\"tag\">Algeciras<\/a>, <a href=\"https:\/\/www.segeljahre.de\/?cat=65\" rel=\"tag\">Barbate<\/a>, <a href=\"https:\/\/www.segeljahre.de\/?cat=84\" rel=\"tag\">Cadiz<\/a>, <a href=\"https:\/\/www.segeljahre.de\/?cat=70\" rel=\"tag\">Chipiona<\/a>, <a href=\"https:\/\/www.segeljahre.de\/?cat=8\" rel=\"tag\">England<\/a>, <a href=\"https:\/\/www.segeljahre.de\/?cat=73\" rel=\"tag\">Gibraltar<\/a>, <a href=\"https:\/\/www.segeljahre.de\/?cat=68\" rel=\"tag\">Huelva<\/a>, <a href=\"https:\/\/www.segeljahre.de\/?cat=72\" rel=\"tag\">La Linea<\/a>, <a href=\"https:\/\/www.segeljahre.de\/?cat=77\" rel=\"tag\">Lissabon<\/a>, <a href=\"https:\/\/www.segeljahre.de\/?cat=69\" rel=\"tag\">Mazagon<\/a>, <a href=\"https:\/\/www.segeljahre.de\/?cat=4\" rel=\"tag\">nOa<\/a>, <a href=\"https:\/\/www.segeljahre.de\/?cat=7\" rel=\"tag\">Portugal<\/a>, <a href=\"https:\/\/www.segeljahre.de\/?cat=67\" rel=\"tag\">Punta Umbria<\/a>, <a href=\"https:\/\/www.segeljahre.de\/?cat=95\" rel=\"tag\">Rota<\/a>, <a href=\"https:\/\/www.segeljahre.de\/?cat=85\" rel=\"tag\">Seixal<\/a>, <a href=\"https:\/\/www.segeljahre.de\/?cat=78\" rel=\"tag\">Sesimbra<\/a>, <a href=\"https:\/\/www.segeljahre.de\/?cat=6\" rel=\"tag\">Spanien<\/a>, <a href=\"https:\/\/www.segeljahre.de\/?cat=66\" rel=\"tag\">Vila Real de Santo Antonio<\/a><\/span><span class=\"text-sep\">\/<\/span><span class=\"blog-author minor-meta\">von <span class=\"entry-author-link\"  itemprop=\"author\" ><span class=\"author\"><span class=\"fn\"><a href=\"https:\/\/www.segeljahre.de\/?author=4\" title=\"Beitr\u00e4ge von Raz\" rel=\"author\">Raz<\/a><\/span><\/span><\/span><\/span><\/span><\/header><div class=\"entry-content\"  itemprop=\"text\" >In La Linea angekommen bekomme ich ja erst mal einen Schrecken . . .<div class=\"read-more-link\"><a href=\"https:\/\/www.segeljahre.de\/?p=1435\" class=\"more-link\">Weiterlesen<span class='more-link-arrow avia-svg-icon avia-font-svg_entypo-fontello' data-av_svg_icon='right-open-big' data-av_iconset='svg_entypo-fontello'><svg version=\"1.1\" xmlns=\"http:\/\/www.w3.org\/2000\/svg\" width=\"15\" height=\"32\" viewBox=\"0 0 15 32\" preserveAspectRatio=\"xMidYMid meet\" role=\"graphics-symbol\" aria-hidden=\"true\">\n<path d=\"M0.416 27.84l11.456-11.84-11.456-11.904q-0.832-0.832 0-1.536 0.832-0.832 1.536 0l12.544 12.608q0.768 0.832 0 1.6l-12.544 12.608q-0.704 0.832-1.536 0-0.832-0.704 0-1.536z\"><\/path>\n<\/svg><\/span><\/a><\/div><\/div><footer class=\"entry-footer\"><\/footer><div class='post_delimiter'><\/div><\/div><div class=\"post_author_timeline\"><\/div><span class='hidden'>\n\t\t\t\t<span class='av-structured-data'  itemprop=\"image\" itemscope=\"itemscope\" itemtype=\"https:\/\/schema.org\/ImageObject\" >\n\t\t\t\t\t\t<span itemprop='url'>https:\/\/www.segeljahre.de\/wp-content\/uploads\/2017\/11\/DSC05567.jpg<\/span>\n\t\t\t\t\t\t<span itemprop='height'>1080<\/span>\n\t\t\t\t\t\t<span itemprop='width'>1920<\/span>\n\t\t\t\t<\/span>\n\t\t\t\t<span class='av-structured-data'  itemprop=\"publisher\" itemtype=\"https:\/\/schema.org\/Organization\" itemscope=\"itemscope\" >\n\t\t\t\t\t\t<span itemprop='name'>Raz<\/span>\n\t\t\t\t\t\t<span itemprop='logo' itemscope itemtype='https:\/\/schema.org\/ImageObject'>\n\t\t\t\t\t\t\t<span itemprop='url'>https:\/\/www.segeljahre.de\/wp-content\/uploads\/2016\/05\/nOa-logo-web-300x100.png<\/span>\n\t\t\t\t\t\t<\/span>\n\t\t\t\t<\/span><span class='av-structured-data'  itemprop=\"author\" itemscope=\"itemscope\" itemtype=\"https:\/\/schema.org\/Person\" ><span itemprop='name'>Raz<\/span><\/span><span class='av-structured-data'  itemprop=\"datePublished\" datetime=\"2017-11-15T17:36:36+01:00\" >2017-11-15 17:36:36<\/span><span class='av-structured-data'  itemprop=\"dateModified\" itemtype=\"https:\/\/schema.org\/dateModified\" >2019-03-27 15:02:31<\/span><span class='av-structured-data'  itemprop=\"mainEntityOfPage\" itemtype=\"https:\/\/schema.org\/mainEntityOfPage\" ><span itemprop='name'>Zur\u00fcck nach Spanien &#8211; Winterlager in Portugal<\/span><\/span><\/span><\/article><div class='single-small'><\/div><\/div>\n\n<style type=\"text\/css\" data-created_by=\"avia_inline_auto\" id=\"style-css-av-jtsk91eu-9177ac3efd301b6d184113cf48ea172c\">\n#top .av-special-heading.av-jtsk91eu-9177ac3efd301b6d184113cf48ea172c{\npadding-bottom:10px;\n}\nbody .av-special-heading.av-jtsk91eu-9177ac3efd301b6d184113cf48ea172c .av-special-heading-tag .heading-char{\nfont-size:25px;\n}\n.av-special-heading.av-jtsk91eu-9177ac3efd301b6d184113cf48ea172c .av-subheading{\nfont-size:15px;\n}\n<\/style>\n<div  class='av-special-heading av-jtsk91eu-9177ac3efd301b6d184113cf48ea172c av-special-heading-h3  avia-builder-el-0  el_before_av_textblock  avia-builder-el-first '><h3 class='av-special-heading-tag '  itemprop=\"headline\"  >Weiterf\u00fchrende Links<\/h3><div class=\"special-heading-border\"><div class=\"special-heading-inner-border\"><\/div><\/div><\/div>\n<div  class='avia-icon-list-container av-3jmq2q-7e6d96c50556abb0f39f1ea0921f0c25'><ul class='avia-icon-list avia_animate_when_almost_visible avia-icon-list-left av-iconlist-big av-3jmq2q-7e6d96c50556abb0f39f1ea0921f0c25 avia-iconlist-animate'>\n<li><a href='https:\/\/en.wikipedia.org\/wiki\/Vila_Real_de_Santo_Ant%C3%B3nio' title='Wikipedia'  target=\"_blank\"  rel=\"noopener noreferrer\" class='iconlist_icon av-av_iconlist_item-1d42b6c17bc9da90e954b51ada71d048 avia-font-entypo-fontello avia-iconfont avia-font-entypo-fontello'><span class='av-icon-char' data-av_icon='\ue81f' data-av_iconfont='entypo-fontello' aria-hidden=\"true\"><\/span><\/a><article class=\"article-icon-entry av-iconlist-empty\"  itemscope=\"itemscope\" itemtype=\"https:\/\/schema.org\/BlogPosting\" itemprop=\"blogPost\" ><div class=\"iconlist_content_wrap\"><header class=\"entry-content-header\" aria-label=\"Icon: &lt;a href=&#039;https:\/\/en.wikipedia.org\/wiki\/Vila_Real_de_Santo_Ant%C3%B3nio&#039; title=&#039;Wikipedia&#039; target=&quot;_blank&quot;  rel=&quot;noopener noreferrer&quot;&gt;Wikipedia&lt;\/a&gt;\"><h4 class='av_iconlist_title iconlist_title  '  itemprop=\"headline\" ><a href='https:\/\/en.wikipedia.org\/wiki\/Vila_Real_de_Santo_Ant%C3%B3nio' title='Wikipedia' target=\"_blank\"  rel=\"noopener noreferrer\">Wikipedia<\/a><\/h4><\/header><div class='iconlist_content '  itemprop=\"text\" ><\/div><\/div><footer class=\"entry-footer\"><\/footer><\/article><div class=\"iconlist-timeline\"><\/div><\/li>\n<li><a href='https:\/\/www.noonsite.com\/Countries\/Portugal\/VilaRealdeSantoAntonio' title='Noonsite'  target=\"_blank\"  rel=\"noopener noreferrer\" class='iconlist_icon av-av_iconlist_item-b96593169b14329d8e4748bccf19602a avia-font-entypo-fontello avia-iconfont avia-font-entypo-fontello'><span class='av-icon-char' data-av_icon='\ue81f' data-av_iconfont='entypo-fontello' aria-hidden=\"true\"><\/span><\/a><article class=\"article-icon-entry av-iconlist-empty\"  itemscope=\"itemscope\" itemtype=\"https:\/\/schema.org\/BlogPosting\" itemprop=\"blogPost\" ><div class=\"iconlist_content_wrap\"><header class=\"entry-content-header\" aria-label=\"Icon: &lt;a href=&#039;https:\/\/www.noonsite.com\/Countries\/Portugal\/VilaRealdeSantoAntonio&#039; title=&#039;Noonsite&#039; target=&quot;_blank&quot;  rel=&quot;noopener noreferrer&quot;&gt;Noonsite&lt;\/a&gt;\"><h4 class='av_iconlist_title iconlist_title  '  itemprop=\"headline\" ><a href='https:\/\/www.noonsite.com\/Countries\/Portugal\/VilaRealdeSantoAntonio' title='Noonsite' target=\"_blank\"  rel=\"noopener noreferrer\">Noonsite<\/a><\/h4><\/header><div class='iconlist_content '  itemprop=\"text\" ><\/div><\/div><footer class=\"entry-footer\"><\/footer><\/article><div class=\"iconlist-timeline\"><\/div><\/li>\n<li><a href='http:\/\/www.cruiserswiki.org\/wiki\/Vila_Real_de_Santo_Antonio' title='Cruiserswiki'  target=\"_blank\"  rel=\"noopener noreferrer\" class='iconlist_icon av-av_iconlist_item-05de5486eddffc70fa33d3f3429a7e6a avia-font-entypo-fontello avia-iconfont avia-font-entypo-fontello'><span class='av-icon-char' data-av_icon='\ue81f' data-av_iconfont='entypo-fontello' aria-hidden=\"true\"><\/span><\/a><article class=\"article-icon-entry av-iconlist-empty\"  itemscope=\"itemscope\" itemtype=\"https:\/\/schema.org\/BlogPosting\" itemprop=\"blogPost\" ><div class=\"iconlist_content_wrap\"><header class=\"entry-content-header\" aria-label=\"Icon: &lt;a href=&#039;http:\/\/www.cruiserswiki.org\/wiki\/Vila_Real_de_Santo_Antonio&#039; title=&#039;Cruiserswiki&#039; target=&quot;_blank&quot;  rel=&quot;noopener noreferrer&quot;&gt;Cruiserswiki&lt;\/a&gt;\"><h4 class='av_iconlist_title iconlist_title  '  itemprop=\"headline\" ><a href='http:\/\/www.cruiserswiki.org\/wiki\/Vila_Real_de_Santo_Antonio' title='Cruiserswiki' target=\"_blank\"  rel=\"noopener noreferrer\">Cruiserswiki<\/a><\/h4><\/header><div class='iconlist_content '  itemprop=\"text\" ><\/div><\/div><footer class=\"entry-footer\"><\/footer><\/article><div class=\"iconlist-timeline\"><\/div><\/li>\n<\/ul><\/div>\n","protected":false},"excerpt":{"rendered":"<p>Auch hier ist es eigentlich nur bei Hochwasser und ohne Schwell ein gutes und sicheres Einlaufen m\u00f6glich . . .<\/p>\n","protected":false},"author":0,"featured_media":1578,"comment_status":"closed","ping_status":"closed","template":"","meta":{"footnotes":""},"tags":[],"portfolio_entries":[22,19,28],"class_list":["post-1458","portfolio","type-portfolio","status-publish","has-post-thumbnail","hentry","portfolio_entries-22","portfolio_entries-hafenbeschreibungen","portfolio_entries-portugal"],"aioseo_notices":[],"_links":{"self":[{"href":"https:\/\/www.segeljahre.de\/index.php?rest_route=\/wp\/v2\/portfolio\/1458","targetHints":{"allow":["GET"]}}],"collection":[{"href":"https:\/\/www.segeljahre.de\/index.php?rest_route=\/wp\/v2\/portfolio"}],"about":[{"href":"https:\/\/www.segeljahre.de\/index.php?rest_route=\/wp\/v2\/types\/portfolio"}],"replies":[{"embeddable":true,"href":"https:\/\/www.segeljahre.de\/index.php?rest_route=%2Fwp%2Fv2%2Fcomments&post=1458"}],"version-history":[{"count":3,"href":"https:\/\/www.segeljahre.de\/index.php?rest_route=\/wp\/v2\/portfolio\/1458\/revisions"}],"predecessor-version":[{"id":2815,"href":"https:\/\/www.segeljahre.de\/index.php?rest_route=\/wp\/v2\/portfolio\/1458\/revisions\/2815"}],"wp:featuredmedia":[{"embeddable":true,"href":"https:\/\/www.segeljahre.de\/index.php?rest_route=\/wp\/v2\/media\/1578"}],"wp:attachment":[{"href":"https:\/\/www.segeljahre.de\/index.php?rest_route=%2Fwp%2Fv2%2Fmedia&parent=1458"}],"wp:term":[{"taxonomy":"post_tag","embeddable":true,"href":"https:\/\/www.segeljahre.de\/index.php?rest_route=%2Fwp%2Fv2%2Ftags&post=1458"},{"taxonomy":"portfolio_entries","embeddable":true,"href":"https:\/\/www.segeljahre.de\/index.php?rest_route=%2Fwp%2Fv2%2Fportfolio_entries&post=1458"}],"curies":[{"name":"wp","href":"https:\/\/api.w.org\/{rel}","templated":true}]}}